
{"id":3485,"date":"2024-12-28T15:45:35","date_gmt":"2024-12-28T15:45:35","guid":{"rendered":"https:\/\/www.nierenstiftung.ch\/new\/?page_id=3485"},"modified":"2025-07-25T15:46:04","modified_gmt":"2025-07-25T15:46:04","slug":"pourquoi-faire-un-don","status":"publish","type":"page","link":"https:\/\/www.nierenstiftung.ch\/new\/fr\/pourquoi-faire-un-don\/","title":{"rendered":"Pourquoi faire un don"},"content":{"rendered":"<p>[et_pb_section fb_built=&#8221;1&#8243; fullwidth=&#8221;on&#8221; _builder_version=&#8221;4.19.4&#8243; _module_preset=&#8221;default&#8221; global_colors_info=&#8221;{}&#8221;][et_pb_fullwidth_slider admin_label=&#8221;Slide&#8221; _builder_version=&#8221;4.19.4&#8243; _module_preset=&#8221;default&#8221; custom_button=&#8221;on&#8221; button_bg_color=&#8221;#b61650&#8243; button_border_color=&#8221;RGBA(255,255,255,0)&#8221; button_border_radius=&#8221;0px&#8221; button_custom_margin=&#8221;||||false|false&#8221; button_custom_padding=&#8221;|250px|||false|false&#8221; text_orientation=&#8221;right&#8221; content_width=&#8221;100%&#8221; content_max_width=&#8221;1280px&#8221; custom_margin=&#8221;|-50px|||false|false&#8221; custom_padding=&#8221;||400px||false|false&#8221; custom_css_slide_button=&#8221;top:50px&#8221; global_colors_info=&#8221;{}&#8221;][et_pb_slide button_text=&#8221;Faites un don&#8221; button_link=&#8221;@ET-DC@eyJkeW5hbWljIjp0cnVlLCJjb250ZW50IjoicG9zdF9saW5rX3VybF9wYWdlIiwic2V0dGluZ3MiOnsicG9zdF9pZCI6IjExMjAifX0=@&#8221; _builder_version=&#8221;4.19.4&#8243; _dynamic_attributes=&#8221;button_link&#8221; _module_preset=&#8221;default&#8221; background_image=&#8221;https:\/\/www.nierenstiftung.ch\/new\/wp-content\/uploads\/2024\/12\/wesalbspenden.jpg&#8221; background_enable_image=&#8221;on&#8221; custom_button=&#8221;on&#8221; button_bg_color=&#8221;#b61650&#8243; button_border_color=&#8221;RGBA(255,255,255,0)&#8221; button_alignment=&#8221;right&#8221; global_colors_info=&#8221;{}&#8221; sticky_transition=&#8221;on&#8221;][\/et_pb_slide][\/et_pb_fullwidth_slider][\/et_pb_section][et_pb_section fb_built=&#8221;1&#8243; _builder_version=&#8221;4.19.4&#8243; _module_preset=&#8221;default&#8221; background_color=&#8221;#FFFFFF&#8221; custom_padding=&#8221;26px||50px|||&#8221; global_colors_info=&#8221;{}&#8221;][et_pb_row _builder_version=&#8221;4.19.4&#8243; _module_preset=&#8221;default&#8221; custom_margin=&#8221;|auto|80px|auto|false|false&#8221; custom_padding=&#8221;||1px|||&#8221; global_colors_info=&#8221;{}&#8221;][et_pb_column type=&#8221;4_4&#8243; _builder_version=&#8221;4.19.4&#8243; _module_preset=&#8221;default&#8221; global_colors_info=&#8221;{}&#8221;][et_pb_text admin_label=&#8221;title&#8221; _builder_version=&#8221;4.19.4&#8243; _module_preset=&#8221;default&#8221; text_text_color=&#8221;#EE7203&#8243; text_font_size=&#8221;35px&#8221; text_font_size_tablet=&#8221;64px&#8221; text_font_size_phone=&#8221;25px&#8221; text_font_size_last_edited=&#8221;on|phone&#8221; global_colors_info=&#8221;{}&#8221;]<\/p>\n<p>Prot\u00e9ger, renforcer, vivre : ensemble pour des reins sains!<\/p>\n<p>[\/et_pb_text][\/et_pb_column][\/et_pb_row][et_pb_row _builder_version=&#8221;4.19.4&#8243; _module_preset=&#8221;default&#8221; custom_margin=&#8221;-48px|auto||auto||&#8221; custom_padding=&#8221;||1px|||&#8221; global_colors_info=&#8221;{}&#8221;][et_pb_column type=&#8221;4_4&#8243; _builder_version=&#8221;4.19.4&#8243; _module_preset=&#8221;default&#8221; global_colors_info=&#8221;{}&#8221;][et_pb_text admin_label=&#8221;text: Liebe Kinder, liebe Eltern&#8230;&#8221; _builder_version=&#8221;4.19.4&#8243; _module_preset=&#8221;default&#8221; custom_margin=&#8221;||54px||false|false&#8221; global_colors_info=&#8221;{}&#8221;]<\/p>\n<p>La Fondation Suisse du Rein s&#8217;engage activement \u00e0 sensibiliser la population \u00e0 la sant\u00e9 r\u00e9nale et \u00e0 soutenir les patients atteints de maladies r\u00e9nales, ainsi qu&#8217;\u00e0 faire progresser la recherche pour une meilleure pr\u00e9vention et un meilleur traitement.<\/p>\n<p>Gr\u00e2ce \u00e0 votre don, vous nous aidez \u00e0 fournir des informations essentielles, \u00e0 lancer et soutenir des actions utiles pour les personnes concern\u00e9es, \u00e0 promouvoir des projets scientifiques pertinents pour les patients, \u00e0 informer les patients et \u00e0 cr\u00e9er des perspectives pour une vie saine.<\/p>\n<p>[\/et_pb_text][et_pb_text admin_label=&#8221;subtitle&#8221; _builder_version=&#8221;4.19.4&#8243; _module_preset=&#8221;default&#8221; text_text_color=&#8221;#EE7203&#8243; text_font_size=&#8221;35px&#8221; text_font_size_tablet=&#8221;64px&#8221; text_font_size_phone=&#8221;25px&#8221; text_font_size_last_edited=&#8221;on|phone&#8221; global_colors_info=&#8221;{}&#8221;]<\/p>\n<p>Ce que nous avons d\u00e9j\u00e0 r\u00e9alis\u00e9 gr\u00e2ce \u00e0 votre soutien:<\/p>\n<p>[\/et_pb_text][\/et_pb_column][\/et_pb_row][\/et_pb_section][et_pb_section fb_built=&#8221;1&#8243; _builder_version=&#8221;4.19.4&#8243; _module_preset=&#8221;default&#8221; background_color=&#8221;#f3f3f3&#8243; background_enable_image=&#8221;off&#8221; background_size=&#8221;custom&#8221; background_image_height=&#8221;141%&#8221; background_position=&#8221;top_left&#8221; custom_padding=&#8221;2px||2px|||&#8221; locked=&#8221;off&#8221; global_colors_info=&#8221;{}&#8221;][et_pb_row column_structure=&#8221;1_4,1_4,1_4,1_4&#8243; _builder_version=&#8221;4.19.4&#8243; _module_preset=&#8221;default&#8221; background_enable_image=&#8221;off&#8221; custom_padding=&#8221;31px|||||&#8221; hover_enabled=&#8221;0&#8243; global_colors_info=&#8221;{}&#8221; link_option_url=&#8221;https:\/\/www.nierenstiftung.ch\/new\/fr\/guide-pratique\/#brochure&#8221; sticky_enabled=&#8221;0&#8243; locked=&#8221;off&#8221;][et_pb_column type=&#8221;1_4&#8243; _builder_version=&#8221;4.19.4&#8243; _module_preset=&#8221;default&#8221; background_enable_image=&#8221;off&#8221; background_position=&#8221;top_left&#8221; global_colors_info=&#8221;{}&#8221;][et_pb_text admin_label=&#8221;Untersuchung zu den Fahrtkosten von Dialyse-Patient*innen&#8221; _builder_version=&#8221;4.19.4&#8243; _module_preset=&#8221;default&#8221; header_3_font=&#8221;|600|||||||&#8221; header_3_text_color=&#8221;#EE7203&#8243; header_3_font_size=&#8221;28px&#8221; header_3_line_height=&#8221;1.2em&#8221; header_4_font=&#8221;Rasa||||||||&#8221; header_4_font_size=&#8221;27px&#8221; hover_enabled=&#8221;0&#8243; header_3_font_size_tablet=&#8221;28px&#8221; header_3_font_size_phone=&#8221;28px&#8221; header_3_font_size_last_edited=&#8221;on|desktop&#8221; global_colors_info=&#8221;{}&#8221; sticky_enabled=&#8221;0&#8243;]<\/p>\n<h3>Pr\u00e9server la fonction r\u00e9nale \u2013 m\u00eame en cas de maladie r\u00e9nale<\/h3>\n<p>Gr\u00e2ce \u00e0 cette brochure, vous en saurez plus sur les reins, leurs fonctions, leurs maladies et la meilleure fa\u00e7on de les prot\u00e9ger. Lorsque leur fonction diminue, d\u2019autres organes en souffrent, notamment le syst\u00e8me cardiovasculaire et le cerveau. Et la qualit\u00e9 et l\u2019esp\u00e9rance de vie diminuent. Mais dans de nombreux cas, il est possible de ralentir, voire d\u2019emp\u00eacher le d\u00e9clin de la fonction r\u00e9nale.<\/p>\n<p>[\/et_pb_text][\/et_pb_column][et_pb_column type=&#8221;1_4&#8243; _builder_version=&#8221;4.19.4&#8243; _module_preset=&#8221;default&#8221; background_color=&#8221;RGBA(255,255,255,0)&#8221; background_enable_image=&#8221;off&#8221; global_colors_info=&#8221;{}&#8221;][et_pb_image src=&#8221;https:\/\/www.nierenstiftung.ch\/new\/wp-content\/uploads\/2024\/12\/Foto_Titel_FR-731&#215;1024.jpg&#8221; title_text=&#8221;Foto_Titel_FR&#8221; admin_label=&#8221;image Untersuchung zu den Fahrtkosten von Dialyse-Patient*innen&#8221; _builder_version=&#8221;4.19.4&#8243; _module_preset=&#8221;default&#8221; hover_enabled=&#8221;0&#8243; global_colors_info=&#8221;{}&#8221; sticky_enabled=&#8221;0&#8243;][\/et_pb_image][\/et_pb_column][et_pb_column type=&#8221;1_4&#8243; _builder_version=&#8221;4.19.4&#8243; _module_preset=&#8221;default&#8221; background_color=&#8221;RGBA(255,255,255,0)&#8221; background_enable_image=&#8221;off&#8221; global_colors_info=&#8221;{}&#8221;][et_pb_text admin_label=&#8221;Untersuchung zu den Fahrtkosten von Dialyse-Patient*innen&#8221; _builder_version=&#8221;4.19.4&#8243; _module_preset=&#8221;default&#8221; header_3_font=&#8221;|600|||||||&#8221; header_3_text_color=&#8221;#EE7203&#8243; header_3_font_size=&#8221;28px&#8221; header_3_line_height=&#8221;1.2em&#8221; header_4_font=&#8221;Rasa||||||||&#8221; header_4_font_size=&#8221;27px&#8221; header_3_font_size_tablet=&#8221;28px&#8221; header_3_font_size_phone=&#8221;28px&#8221; header_3_font_size_last_edited=&#8221;on|desktop&#8221; global_colors_info=&#8221;{}&#8221;]<\/p>\n<h3>Brochure pour enfants &#8211; La sant\u00e9 r\u00e9nale expliqu\u00e9e de mani\u00e8re adapt\u00e9e aux enfants<\/h3>\n<p>Cette brochure fournit aux enfants et adolescents concern\u00e9s, \u00e0 leurs proches, \u00e0 leur entourage et \u00e0 toutes les personnes int\u00e9ress\u00e9es des informations sur les reins : comment ils fonctionnent, ce qu&#8217;ils font et le traitement dont ils ont besoin lorsqu&#8217;ils sont malades.<\/p>\n<p>Elle a pour but d&#8217;\u00e9duquer et d&#8217;\u00e9veiller la curiosit\u00e9 sur cet organe particulier et sur son r\u00f4le dans le miracle global du corps.<\/p>\n<p style=\"text-align: left;\"><a href=\"https:\/\/www.mdpi.com\/2227-9032\/12\/24\/2513\" target=\"_blank\" rel=\"noopener\"><\/a><\/p>\n<p style=\"text-align: justify;\"><span>\u00a0<\/span><\/p>\n<p>[\/et_pb_text][\/et_pb_column][et_pb_column type=&#8221;1_4&#8243; _builder_version=&#8221;4.19.4&#8243; _module_preset=&#8221;default&#8221; background_color=&#8221;RGBA(255,255,255,0)&#8221; background_enable_image=&#8221;off&#8221; global_colors_info=&#8221;{}&#8221;][et_pb_image src=&#8221;https:\/\/www.nierenstiftung.ch\/new\/wp-content\/uploads\/2024\/07\/Title_FR-730&#215;1024.jpg&#8221; title_text=&#8221;Title_FR&#8221; admin_label=&#8221;image Untersuchung zu den Fahrtkosten von Dialyse-Patient*innen&#8221; _builder_version=&#8221;4.19.4&#8243; _module_preset=&#8221;default&#8221; hover_enabled=&#8221;0&#8243; global_colors_info=&#8221;{}&#8221; sticky_enabled=&#8221;0&#8243;][\/et_pb_image][\/et_pb_column][\/et_pb_row][\/et_pb_section][et_pb_section fb_built=&#8221;1&#8243; _builder_version=&#8221;4.19.4&#8243; _module_preset=&#8221;default&#8221; background_color=&#8221;#FFFFFF&#8221; background_enable_image=&#8221;off&#8221; background_size=&#8221;custom&#8221; background_image_height=&#8221;141%&#8221; background_position=&#8221;top_left&#8221; custom_padding=&#8221;2px||2px|||&#8221; global_colors_info=&#8221;{}&#8221;][et_pb_row column_structure=&#8221;1_2,1_2&#8243; _builder_version=&#8221;4.19.4&#8243; _module_preset=&#8221;default&#8221; background_enable_image=&#8221;off&#8221; custom_padding=&#8221;31px|||||&#8221; global_colors_info=&#8221;{}&#8221;][et_pb_column type=&#8221;1_2&#8243; _builder_version=&#8221;4.19.4&#8243; _module_preset=&#8221;default&#8221; background_enable_image=&#8221;off&#8221; background_position=&#8221;top_left&#8221; global_colors_info=&#8221;{}&#8221;][et_pb_image src=&#8221;https:\/\/www.nierenstiftung.ch\/new\/wp-content\/uploads\/2023\/01\/kinderniere2.jpg&#8221; title_text=&#8221;kinderniere2&#8243; admin_label=&#8221;image Schweizer Lager f\u00fcr nierenkranke Kinder&#8221; _builder_version=&#8221;4.19.4&#8243; _module_preset=&#8221;default&#8221; global_colors_info=&#8221;{}&#8221;][\/et_pb_image][\/et_pb_column][et_pb_column type=&#8221;1_2&#8243; _builder_version=&#8221;4.19.4&#8243; _module_preset=&#8221;default&#8221; background_color=&#8221;RGBA(255,255,255,0)&#8221; background_enable_image=&#8221;off&#8221; global_colors_info=&#8221;{}&#8221;][et_pb_cta title=&#8221;Camp pour enfants atteints d&#8217;une maladie r\u00e9nale&#8221; button_text=&#8221;Jetz spenden&#8221; admin_label=&#8221;Schweizer Lager f\u00fcr nierenkranke Kinder+button&#8221; _builder_version=&#8221;4.19.4&#8243; _module_preset=&#8221;default&#8221; header_text_align=&#8221;left&#8221; header_text_color=&#8221;#EE7203&#8243; header_font_size=&#8221;35px&#8221; body_text_align=&#8221;left&#8221; body_text_color=&#8221;#000000&#8243; background_color=&#8221;RGBA(255,255,255,0)&#8221; custom_padding=&#8221;0px|||||&#8221; header_font_size_tablet=&#8221;36px&#8221; header_font_size_phone=&#8221;28px&#8221; header_font_size_last_edited=&#8221;on|desktop&#8221; global_colors_info=&#8221;{}&#8221;]<\/p>\n<p>Le premier camp de vacances pour les enfants atteints d&#8217;une maladie r\u00e9nale et leurs fr\u00e8res et s\u0153urs a eu lieu en Suisse il y a plus de trente ans. Ce camp, soutenu par la Fondation Suisse du Rein, est organis\u00e9 par l&#8217;H\u00f4pital p\u00e9diatrique de Zurich.<\/p>\n<p>Ce camp d&#8217;\u00e9t\u00e9 permet aux enfants et adolescents atteints d&#8217;une maladie r\u00e9nale d&#8217;\u00e9changer leurs exp\u00e9riences et offre \u00e0 leurs familles une semaine de r\u00e9pit.<\/p>\n<p>[\/et_pb_cta][\/et_pb_column][\/et_pb_row][\/et_pb_section][et_pb_section fb_built=&#8221;1&#8243; _builder_version=&#8221;4.19.4&#8243; _module_preset=&#8221;default&#8221; background_color=&#8221;#f3f3f3&#8243; background_enable_image=&#8221;off&#8221; background_size=&#8221;custom&#8221; background_image_height=&#8221;141%&#8221; background_position=&#8221;top_left&#8221; custom_padding=&#8221;2px||2px|||&#8221; locked=&#8221;off&#8221; global_colors_info=&#8221;{}&#8221;][et_pb_row column_structure=&#8221;1_2,1_2&#8243; _builder_version=&#8221;4.19.4&#8243; _module_preset=&#8221;default&#8221; background_enable_image=&#8221;off&#8221; custom_padding=&#8221;31px|||||&#8221; global_colors_info=&#8221;{}&#8221;][et_pb_column type=&#8221;1_2&#8243; _builder_version=&#8221;4.19.4&#8243; _module_preset=&#8221;default&#8221; background_enable_image=&#8221;off&#8221; background_position=&#8221;top_left&#8221; global_colors_info=&#8221;{}&#8221;][et_pb_text admin_label=&#8221;Untersuchung zu den Fahrtkosten von Dialyse-Patient*innen&#8221; _builder_version=&#8221;4.19.4&#8243; _module_preset=&#8221;default&#8221; header_3_font=&#8221;|600|||||||&#8221; header_3_text_color=&#8221;#EE7203&#8243; header_3_font_size=&#8221;28px&#8221; header_3_line_height=&#8221;1.2em&#8221; header_4_font=&#8221;Rasa||||||||&#8221; header_4_font_size=&#8221;27px&#8221; header_3_font_size_tablet=&#8221;28px&#8221; header_3_font_size_phone=&#8221;28px&#8221; header_3_font_size_last_edited=&#8221;on|desktop&#8221; global_colors_info=&#8221;{}&#8221;]<\/p>\n<p>Les patients souffrant d&#8217;une maladie r\u00e9nale chronique doivent souvent suivre un traitement par dialyse. Il existe diff\u00e9rentes m\u00e9thodes, telles que l&#8217;h\u00e9modialyse (\u00e9puration du sang) ou la dialyse p\u00e9riton\u00e9ale (dialyse p\u00e9riton\u00e9ale). L&#8217;h\u00e9modialyse est g\u00e9n\u00e9ralement r\u00e9alis\u00e9e dans des centres sp\u00e9cialis\u00e9s. Les patients doivent g\u00e9n\u00e9ralement se rendre dans un tel centre plusieurs fois par semaine. Cependant, tout le monde ne vit pas \u00e0 proximit\u00e9 imm\u00e9diate d&#8217;un tel centre. Pour de nombreuses personnes, se rendre dans un centre implique un d\u00e9placement. Cela entra\u00eene des frais de d\u00e9placement qui ne sont g\u00e9n\u00e9ralement pas couverts par l&#8217;assurance maladie. Les patients qui ont besoin d&#8217;une h\u00e9modialyse sont donc confront\u00e9s \u00e0 des charges financi\u00e8res.<\/p>\n<p>Cette \u00e9tude, lanc\u00e9e et financ\u00e9e par la Fondation suisse du rein, \u00e9tudie l&#8217;impact des frais de d\u00e9placement sur les patients et leurs familles. Des mesures sont actuellement prises pour mieux informer les personnes concern\u00e9es sur les possibilit\u00e9s de soutien.<\/p>\n<p>[\/et_pb_text][\/et_pb_column][et_pb_column type=&#8221;1_2&#8243; _builder_version=&#8221;4.19.4&#8243; _module_preset=&#8221;default&#8221; background_color=&#8221;RGBA(255,255,255,0)&#8221; background_enable_image=&#8221;off&#8221; global_colors_info=&#8221;{}&#8221;][et_pb_image src=&#8221;https:\/\/www.nierenstiftung.ch\/new\/wp-content\/uploads\/2023\/05\/dialyse-1024&#215;682.jpg&#8221; title_text=&#8221;dialyse&#8221; admin_label=&#8221;image Untersuchung zu den Fahrtkosten von Dialyse-Patient*innen&#8221; _builder_version=&#8221;4.19.4&#8243; _module_preset=&#8221;default&#8221; global_colors_info=&#8221;{}&#8221;][\/et_pb_image][\/et_pb_column][\/et_pb_row][\/et_pb_section][et_pb_section fb_built=&#8221;1&#8243; fullwidth=&#8221;on&#8221; _builder_version=&#8221;4.19.4&#8243; _module_preset=&#8221;default&#8221; locked=&#8221;off&#8221; global_colors_info=&#8221;{}&#8221;][et_pb_fullwidth_header text_orientation=&#8221;center&#8221; button_one_text=&#8221;Faites un don&#8221; button_one_url=&#8221;@ET-DC@eyJkeW5hbWljIjp0cnVlLCJjb250ZW50IjoicG9zdF9saW5rX3VybF9wYWdlIiwic2V0dGluZ3MiOnsicG9zdF9pZCI6IjExMjAifX0=@&#8221; _builder_version=&#8221;4.19.4&#8243; _dynamic_attributes=&#8221;button_one_url&#8221; _module_preset=&#8221;default&#8221; custom_button_one=&#8221;on&#8221; button_one_text_size=&#8221;28px&#8221; custom_margin=&#8221;||||false|false&#8221; custom_padding=&#8221;2px||4px|||&#8221; global_colors_info=&#8221;{}&#8221;][\/et_pb_fullwidth_header][\/et_pb_section][et_pb_section fb_built=&#8221;1&#8243; _builder_version=&#8221;4.19.4&#8243; _module_preset=&#8221;default&#8221; background_color=&#8221;#f3f3f3&#8243; global_colors_info=&#8221;{}&#8221;][et_pb_row use_custom_gutter=&#8221;on&#8221; make_equal=&#8221;on&#8221; _builder_version=&#8221;4.19.4&#8243; _module_preset=&#8221;default&#8221; module_alignment=&#8221;center&#8221; global_colors_info=&#8221;{}&#8221;][et_pb_column type=&#8221;4_4&#8243; _builder_version=&#8221;4.19.4&#8243; _module_preset=&#8221;default&#8221; global_colors_info=&#8221;{}&#8221;][et_pb_text admin_label=&#8221;Informationen und links&#8221; _builder_version=&#8221;4.19.4&#8243; _module_preset=&#8221;default&#8221; text_text_color=&#8221;#EE7203&#8243; text_font_size=&#8221;38px&#8221; text_line_height=&#8221;1.2em&#8221; text_font_size_tablet=&#8221;56px&#8221; text_font_size_phone=&#8221;28px&#8221; text_font_size_last_edited=&#8221;on|phone&#8221; global_colors_info=&#8221;{}&#8221;]<\/p>\n<p>Questions fr\u00e9quemment pos\u00e9es<\/p>\n<p>[\/et_pb_text][\/et_pb_column][\/et_pb_row][et_pb_row _builder_version=&#8221;4.19.4&#8243; _module_preset=&#8221;default&#8221; global_colors_info=&#8221;{}&#8221;][et_pb_column type=&#8221;4_4&#8243; _builder_version=&#8221;4.19.4&#8243; _module_preset=&#8221;default&#8221; global_colors_info=&#8221;{}&#8221;][et_pb_toggle title=&#8221;A quoi servira mon don?&#8221; icon_color=&#8221;#B61650&#8243; toggle_icon=&#8221;&#x4c;||divi||400&#8243; use_icon_font_size=&#8221;on&#8221; icon_font_size=&#8221;40px&#8221; open_icon_color=&#8221;#B61650&#8243; open_toggle_icon=&#8221;&#x4b;||divi||400&#8243; open_use_icon_font_size=&#8221;on&#8221; open_icon_font_size=&#8221;40px&#8221; admin_label=&#8221;Wo finde ich ein Spital mit einer Kindernephrologie Abteilung?&#8221; _builder_version=&#8221;4.19.4&#8243; _module_preset=&#8221;default&#8221; title_level=&#8221;h3&#8243; title_font=&#8221;Rasa||||||||&#8221; title_font_size=&#8221;25px&#8221; custom_css_open_toggle=&#8221;content: %22%92e04b%22;&#8221; border_width_all=&#8221;0px&#8221; border_width_bottom=&#8221;1px&#8221; border_color_bottom=&#8221;#B61650&#8243; global_colors_info=&#8221;{}&#8221;]<\/p>\n<p>Votre don nous permet de mettre en \u0153uvre des projets de d\u00e9pistage pr\u00e9coce, d&#8217;\u00e9ducation et d&#8217;accompagnement des personnes atteintes de maladies r\u00e9nales en Suisse. Nous investissons dans des initiatives de recherche, des mesures de pr\u00e9vention et des activit\u00e9s de formation pour promouvoir la sant\u00e9 r\u00e9nale.<\/p>\n<p>[\/et_pb_toggle][et_pb_toggle title=&#8221;Puis-je \u00e9galement faire un don pour un projet sp\u00e9cifique?&#8221; icon_color=&#8221;#B61650&#8243; toggle_icon=&#8221;&#x4c;||divi||400&#8243; use_icon_font_size=&#8221;on&#8221; icon_font_size=&#8221;40px&#8221; open_icon_color=&#8221;#B61650&#8243; open_toggle_icon=&#8221;&#x4b;||divi||400&#8243; open_use_icon_font_size=&#8221;on&#8221; open_icon_font_size=&#8221;40px&#8221; admin_label=&#8221;Wir haben finanzielle Sorgen!&#8221; _builder_version=&#8221;4.19.4&#8243; _module_preset=&#8221;default&#8221; title_level=&#8221;h3&#8243; title_font=&#8221;Rasa||||||||&#8221; title_font_size=&#8221;25px&#8221; custom_css_open_toggle=&#8221;content: %22%92e04b%22;&#8221; border_width_all=&#8221;0px&#8221; border_width_bottom=&#8221;1px&#8221; border_color_bottom=&#8221;#B61650&#8243; global_colors_info=&#8221;{}&#8221;]<\/p>\n<p>Oui, c&#8217;est bien s\u00fbr possible. Veuillez nous contacter afin que nous puissions en discuter ensemble.<\/p>\n<p>[\/et_pb_toggle][et_pb_toggle title=&#8221;Puis-je d\u00e9duire de mes imp\u00f4ts les dons faits \u00e0 la Fondation du rein?&#8221; icon_color=&#8221;#B61650&#8243; toggle_icon=&#8221;&#x4c;||divi||400&#8243; use_icon_font_size=&#8221;on&#8221; icon_font_size=&#8221;40px&#8221; open_icon_color=&#8221;#B61650&#8243; open_toggle_icon=&#8221;&#x4b;||divi||400&#8243; open_use_icon_font_size=&#8221;on&#8221; open_icon_font_size=&#8221;40px&#8221; admin_label=&#8221;Was geschieht mit den Eltern?&#8221; _builder_version=&#8221;4.19.4&#8243; _module_preset=&#8221;default&#8221; title_level=&#8221;h3&#8243; title_font=&#8221;Rasa||||||||&#8221; title_font_size=&#8221;25px&#8221; custom_css_open_toggle=&#8221;content: %22%92e04b%22;&#8221; border_width_all=&#8221;0px&#8221; border_width_bottom=&#8221;1px&#8221; border_color_bottom=&#8221;#B61650&#8243; global_colors_info=&#8221;{}&#8221;]<\/p>\n<p><em>Votre don est d\u00e9ductible des imp\u00f4ts. La Fondation Suisse du Rein est exon\u00e9r\u00e9e d&#8217;imp\u00f4ts depuis le 9 d\u00e9cembre 2019.<\/em><\/p>\n<p>Dans la plupart des cantons, il est possible de d\u00e9duire jusqu&#8217;\u00e0 20 % du revenu net des imp\u00f4ts de l&#8217;\u00c9tat et de la commune pour les dons \u00e0 des organisations d&#8217;utilit\u00e9 publique. En outre, l&#8217;imp\u00f4t f\u00e9d\u00e9ral direct permet \u00e9galement de d\u00e9duire jusqu&#8217;\u00e0 20 % du revenu net, ind\u00e9pendamment des r\u00e9glementations cantonales.<\/p>\n<p>[\/et_pb_toggle][et_pb_toggle title=&#8221;Mon don en ligne est-il s\u00e9curis\u00e9?&#8221; icon_color=&#8221;#B61650&#8243; toggle_icon=&#8221;&#x4c;||divi||400&#8243; use_icon_font_size=&#8221;on&#8221; icon_font_size=&#8221;40px&#8221; open_icon_color=&#8221;#B61650&#8243; open_toggle_icon=&#8221;&#x4b;||divi||400&#8243; open_use_icon_font_size=&#8221;on&#8221; open_icon_font_size=&#8221;40px&#8221; admin_label=&#8221;Informative Links&#8221; _builder_version=&#8221;4.19.4&#8243; _module_preset=&#8221;default&#8221; title_level=&#8221;h3&#8243; title_font=&#8221;Rasa||||||||&#8221; title_font_size=&#8221;25px&#8221; custom_css_open_toggle=&#8221;content: %22%92e04b%22;&#8221; border_width_all=&#8221;0px&#8221; border_width_bottom=&#8221;1px&#8221; border_color_bottom=&#8221;#B61650&#8243; global_colors_info=&#8221;{}&#8221;]<\/p>\n<p>Nous travaillons avec une plateforme de paiement \u00e9lectronique certifi\u00e9e qui garantit des transactions de paiement s\u00fbres et simples. Vos donn\u00e9es sont transmises sous forme crypt\u00e9e afin de garantir une s\u00e9curit\u00e9 maximale. Notre syst\u00e8me de paiement est conforme \u00e0 toutes les directives PCI (Payment Card Industry Data Security Standard), ce qui garantit une s\u00e9curit\u00e9 technique et organisationnelle. Vous pouvez donc payer en ligne en toute s\u00e9curit\u00e9 et en toute commodit\u00e9.<\/p>\n<p>[\/et_pb_toggle][et_pb_toggle title=&#8221;Puis-je faire un don au nom d&#8217;une autre personne?&#8221; icon_color=&#8221;#B61650&#8243; toggle_icon=&#8221;&#x4c;||divi||400&#8243; use_icon_font_size=&#8221;on&#8221; icon_font_size=&#8221;40px&#8221; open_icon_color=&#8221;#B61650&#8243; open_toggle_icon=&#8221;&#x4b;||divi||400&#8243; open_use_icon_font_size=&#8221;on&#8221; open_icon_font_size=&#8221;40px&#8221; admin_label=&#8221;Transition \u2013 \u00dcbergang \u2013 \u00dcbertritt&#8221; _builder_version=&#8221;4.19.4&#8243; _module_preset=&#8221;default&#8221; title_level=&#8221;h3&#8243; title_font=&#8221;Rasa||||||||&#8221; title_font_size=&#8221;25px&#8221; custom_css_open_toggle=&#8221;content: %22%92e04b%22;&#8221; border_width_all=&#8221;0px&#8221; border_width_bottom=&#8221;1px&#8221; border_color_bottom=&#8221;#B61650&#8243; global_colors_info=&#8221;{}&#8221;]<\/p>\n<p>Oui, c&#8217;est possible.<\/p>\n<p>Pour les dons en m\u00e9moire d&#8217;une personne d\u00e9c\u00e9d\u00e9e, nous vous remercions de bien vouloir vous informer sous la rubrique \u00ab<a href=\"https:\/\/www.nierenstiftung.ch\/new\/fr\/en-memoire\/\" target=\"_blank\" rel=\"noopener\">En m\u00e9moire<\/a> \u00bb.<\/p>\n<p>[\/et_pb_toggle][et_pb_toggle title=&#8221;Comment puis-je en savoir plus sur le travail de la Fondation Suisse du Rein?&#8221; icon_color=&#8221;#B61650&#8243; toggle_icon=&#8221;&#x4c;||divi||400&#8243; use_icon_font_size=&#8221;on&#8221; icon_font_size=&#8221;40px&#8221; open_icon_color=&#8221;#B61650&#8243; open_toggle_icon=&#8221;&#x4b;||divi||400&#8243; open_use_icon_font_size=&#8221;on&#8221; open_icon_font_size=&#8221;40px&#8221; admin_label=&#8221;Unsere Brosch\u00fcren&#8221; _builder_version=&#8221;4.19.4&#8243; _module_preset=&#8221;default&#8221; title_level=&#8221;h3&#8243; title_font=&#8221;Rasa||||||||&#8221; title_font_size=&#8221;25px&#8221; custom_css_open_toggle=&#8221;content: %22%92e04b%22;&#8221; border_width_all=&#8221;0px&#8221; border_width_bottom=&#8221;1px&#8221; border_color_bottom=&#8221;#B61650&#8243; global_colors_info=&#8221;{}&#8221;]<\/p>\n<p>Devenez un <a href=\"https:\/\/www.nierenstiftung.ch\/new\/fr\/devenez-une-amie-de-la-fondation-suisse-du-rein-svizzera-per-il-rene-2\/\" target=\"_blank\" rel=\"noopener\">ami de la Fondation Suisse du Rein<\/a> et recevez environ six fois par an notre newsletter avec les derni\u00e8res informations sur notre travail et nos projets.<\/p>\n<p>[\/et_pb_toggle][et_pb_toggle title=&#8221;Frais de transaction &#8211; La transparence est importante pour nous&#8221; icon_color=&#8221;#B61650&#8243; toggle_icon=&#8221;&#x4c;||divi||400&#8243; use_icon_font_size=&#8221;on&#8221; icon_font_size=&#8221;40px&#8221; open_icon_color=&#8221;#B61650&#8243; open_toggle_icon=&#8221;&#x4b;||divi||400&#8243; open_use_icon_font_size=&#8221;on&#8221; open_icon_font_size=&#8221;40px&#8221; admin_label=&#8221;Unsere Brosch\u00fcren&#8221; _builder_version=&#8221;4.19.4&#8243; _module_preset=&#8221;default&#8221; title_level=&#8221;h3&#8243; title_font=&#8221;Rasa||||||||&#8221; title_font_size=&#8221;25px&#8221; custom_css_open_toggle=&#8221;content: %22%92e04b%22;&#8221; border_width_all=&#8221;0px&#8221; border_width_bottom=&#8221;1px&#8221; border_color_bottom=&#8221;#B61650&#8243; global_colors_info=&#8221;{}&#8221;]<\/p>\n<p>C&#8217;est pourquoi nous publions ici les frais de transaction qui nous sont factur\u00e9s lors des dons.<\/p>\n<p>Les frais varient en fonction du moyen de paiement choisi.<\/p>\n<p><u>Bulletin de versement par la poste :<\/u><\/p>\n<ul>\n<li>CHF 1.20 pour les versements jusqu&#8217;\u00e0 CHF 50.<\/li>\n<li>CHF 1.60 pour les versements jusqu&#8217;\u00e0 CHF 100.-<\/li>\n<li>CHF 2.35 pour les versements jusqu&#8217;\u00e0 CHF 1&#8217;000.-<\/li>\n<li>CHF 3.95 pour les versements jusqu&#8217;\u00e0 CHF 10&#8217;000.-<\/li>\n<\/ul>\n<p><u>Bulletin de versement par e-mail<\/u> : <strong>pas<\/strong> de frais<\/p>\n<p><u>TWINT<\/u> : 2.5% du montant de la transaction<\/p>\n<p><u>Ordre permanent<\/u> : <strong>pas<\/strong> de frais<\/p>\n<p>Vous souhaitez qu&#8217;il n&#8217;y ait pas de frais de transaction ? Alors faites votre don directement sur notre compte de dons (IBAN CH22 0900 0000 6038 5443 2).<\/p>\n<p>[\/et_pb_toggle][\/et_pb_column][\/et_pb_row][\/et_pb_section][et_pb_section fb_built=&#8221;1&#8243; _builder_version=&#8221;4.19.4&#8243; _module_preset=&#8221;default&#8221; background_color=&#8221;#EE7203&#8243; custom_padding=&#8221;18px||2px|||&#8221; global_colors_info=&#8221;{}&#8221;][et_pb_row _builder_version=&#8221;4.19.4&#8243; _module_preset=&#8221;default&#8221; custom_margin=&#8221;-13px|auto||auto||&#8221; global_colors_info=&#8221;{}&#8221;][et_pb_column type=&#8221;4_4&#8243; _builder_version=&#8221;4.19.4&#8243; _module_preset=&#8221;default&#8221; global_colors_info=&#8221;{}&#8221;][et_pb_text admin_label=&#8221;\u00abSich auch an kleinen Schritten zu erfreuen, hilft den Fokus auf dem Positiven zu halten.\u00bb&#8221; _builder_version=&#8221;4.19.4&#8243; _module_preset=&#8221;default&#8221; text_font=&#8221;Rasa||||||||&#8221; text_text_color=&#8221;#FFFFFF&#8221; text_font_size=&#8221;46px&#8221; text_line_height=&#8221;1em&#8221; text_orientation=&#8221;center&#8221; global_colors_info=&#8221;{}&#8221;]<\/p>\n<p><span>\u00ab<\/span><span>Je vis sainement et agr\u00e9ablement dans le pr\u00e9sent<br \/>et suis \u00e0 l\u2019\u00e9coute de mon corps<\/span><span>\u00bb<\/span><\/p>\n<p>[\/et_pb_text][et_pb_text admin_label=&#8221;Sabine Herzig, Mitglied Stiftungsrat&#8221; _builder_version=&#8221;4.19.4&#8243; _module_preset=&#8221;default&#8221; text_text_color=&#8221;#FFFFFF&#8221; text_orientation=&#8221;center&#8221; global_colors_info=&#8221;{}&#8221;]<\/p>\n<p><span>Thomas Hunziker, Membre du Conseil de Fondation<\/span><\/p>\n<p>[\/et_pb_text][\/et_pb_column][\/et_pb_row][\/et_pb_section][et_pb_section fb_built=&#8221;1&#8243; _builder_version=&#8221;4.19.4&#8243; _module_preset=&#8221;default&#8221; custom_padding=&#8221;4px||24px|||&#8221; global_module=&#8221;541&#8243; global_colors_info=&#8221;{}&#8221;][et_pb_row column_structure=&#8221;3_4,1_4&#8243; _builder_version=&#8221;4.19.4&#8243; _module_preset=&#8221;default&#8221; global_colors_info=&#8221;{}&#8221;][et_pb_column type=&#8221;3_4&#8243; _builder_version=&#8221;4.19.4&#8243; _module_preset=&#8221;default&#8221; global_colors_info=&#8221;{}&#8221;][et_pb_code _builder_version=&#8221;4.19.4&#8243; _module_preset=&#8221;default&#8221; global_colors_info=&#8221;{}&#8221;]<\/p>\n<div style=\"font-size:19px;padding-top:35px;text-align:right;\" id=\"vnps\"><\/div>\n<p><!-- [et_pb_line_break_holder] --><script><!-- [et_pb_line_break_holder] -->var lang = document.getElementsByTagName(\"html\")[0].getAttribute(\"lang\").substr(3);<!-- [et_pb_line_break_holder] --><!-- [et_pb_line_break_holder] -->switch(lang) {<!-- [et_pb_line_break_holder] -->  case \"DE\":<!-- [et_pb_line_break_holder] -->  document.getElementById(\"vnps\").innerHTML = \"Gemeinsam unterwegs mit dem Verband Nierenpatienten Schweiz (VNPS)\";      <!-- [et_pb_line_break_holder] --><!-- [et_pb_line_break_holder] -->    break;<!-- [et_pb_line_break_holder] -->  case \"IT\":<!-- [et_pb_line_break_holder] -->  document.getElementById(\"vnps\").innerHTML = \"Sulla strada insieme con l\u2019Associazione svizzera per pazienti d\u2019insufficienza renale (ASPIR)\";<!-- [et_pb_line_break_holder] --><!-- [et_pb_line_break_holder] -->    break;<!-- [et_pb_line_break_holder] -->  case \"GB\":<!-- [et_pb_line_break_holder] -->document.getElementById(\"vnps\").innerHTML = \"Together on the road with the Swiss Kidney Patients Association (SKPA)\";<!-- [et_pb_line_break_holder] --><!-- [et_pb_line_break_holder] -->    break;<!-- [et_pb_line_break_holder] -->\tcase \"FR\":<!-- [et_pb_line_break_holder] -->  document.getElementById(\"vnps\").innerHTML = \"En route ensemble avec la Soci\u00e9t\u00e9 suisse des patients insuffisants r\u00e9naux (SSPIR)\";<!-- [et_pb_line_break_holder] --><!-- [et_pb_line_break_holder] -->    break;<!-- [et_pb_line_break_holder] -->  default:<!-- [et_pb_line_break_holder] --><!-- [et_pb_line_break_holder] -->\tdocument.getElementById(\"vnps\").innerHTML = \"Gemeinsam unterwegs mit dem Verband Nierenpatienten Schweiz (VNPS)\";<!-- [et_pb_line_break_holder] --><!-- [et_pb_line_break_holder] -->}<!-- [et_pb_line_break_holder] --> <!-- [et_pb_line_break_holder] --><\/script>[\/et_pb_code][\/et_pb_column][et_pb_column type=&#8221;1_4&#8243; _builder_version=&#8221;4.19.4&#8243; _module_preset=&#8221;default&#8221; global_colors_info=&#8221;{}&#8221;][et_pb_image src=&#8221;https:\/\/www.nierenstiftung.ch\/new\/wp-content\/uploads\/2022\/12\/Logo_VNPS_klein2.jpg&#8221; title_text=&#8221;Logo_VNPS_klein2&#8243; url=&#8221;https:\/\/nierenpatienten.ch\/&#8221; url_new_window=&#8221;on&#8221; _builder_version=&#8221;4.19.4&#8243; _module_preset=&#8221;default&#8221; max_height=&#8221;80px&#8221; global_colors_info=&#8221;{}&#8221;][\/et_pb_image][\/et_pb_column][\/et_pb_row][\/et_pb_section]<\/p>\n","protected":false},"excerpt":{"rendered":"<p>Prot\u00e9ger, renforcer, vivre : ensemble pour des reins sains!La Fondation Suisse du Rein s&#8217;engage activement \u00e0 sensibiliser la population \u00e0 la sant\u00e9 r\u00e9nale et \u00e0 soutenir les patients atteints de maladies r\u00e9nales, ainsi qu&#8217;\u00e0 faire progresser la recherche pour une meilleure pr\u00e9vention et un meilleur traitement. Gr\u00e2ce \u00e0 votre don, vous nous aidez \u00e0 fournir [&hellip;]<\/p>\n","protected":false},"author":1,"featured_media":0,"parent":0,"menu_order":0,"comment_status":"closed","ping_status":"closed","template":"","meta":{"_et_pb_use_builder":"on","_et_pb_old_content":"","_et_gb_content_width":"","footnotes":"","_links_to":"","_links_to_target":""},"class_list":["post-3485","page","type-page","status-publish","hentry"],"_links":{"self":[{"href":"https:\/\/www.nierenstiftung.ch\/new\/wp-json\/wp\/v2\/pages\/3485","targetHints":{"allow":["GET"]}}],"collection":[{"href":"https:\/\/www.nierenstiftung.ch\/new\/wp-json\/wp\/v2\/pages"}],"about":[{"href":"https:\/\/www.nierenstiftung.ch\/new\/wp-json\/wp\/v2\/types\/page"}],"author":[{"embeddable":true,"href":"https:\/\/www.nierenstiftung.ch\/new\/wp-json\/wp\/v2\/users\/1"}],"replies":[{"embeddable":true,"href":"https:\/\/www.nierenstiftung.ch\/new\/wp-json\/wp\/v2\/comments?post=3485"}],"version-history":[{"count":2,"href":"https:\/\/www.nierenstiftung.ch\/new\/wp-json\/wp\/v2\/pages\/3485\/revisions"}],"predecessor-version":[{"id":4734,"href":"https:\/\/www.nierenstiftung.ch\/new\/wp-json\/wp\/v2\/pages\/3485\/revisions\/4734"}],"wp:attachment":[{"href":"https:\/\/www.nierenstiftung.ch\/new\/wp-json\/wp\/v2\/media?parent=3485"}],"curies":[{"name":"wp","href":"https:\/\/api.w.org\/{rel}","templated":true}]}}