
{"id":1259,"date":"2023-07-10T11:44:27","date_gmt":"2023-07-10T11:44:27","guid":{"rendered":"https:\/\/www.nierenstiftung.ch\/new\/?page_id=1259"},"modified":"2025-05-16T14:06:56","modified_gmt":"2025-05-16T14:06:56","slug":"rein-denfant","status":"publish","type":"page","link":"https:\/\/www.nierenstiftung.ch\/new\/fr\/rein-denfant\/","title":{"rendered":"Rein des enfants"},"content":{"rendered":"<p>[et_pb_section fb_built=&#8221;1&#8243; fullwidth=&#8221;on&#8221; _builder_version=&#8221;4.19.4&#8243; _module_preset=&#8221;default&#8221; global_colors_info=&#8221;{}&#8221;][et_pb_fullwidth_slider admin_label=&#8221;Slide&#8221; _builder_version=&#8221;4.19.4&#8243; _module_preset=&#8221;default&#8221; custom_button=&#8221;on&#8221; button_bg_color=&#8221;#b61650&#8243; button_border_color=&#8221;RGBA(255,255,255,0)&#8221; button_border_radius=&#8221;0px&#8221; button_custom_margin=&#8221;||||false|false&#8221; button_custom_padding=&#8221;|250px|||false|false&#8221; text_orientation=&#8221;right&#8221; content_width=&#8221;100%&#8221; content_max_width=&#8221;1280px&#8221; custom_margin=&#8221;|-50px|||false|false&#8221; custom_padding=&#8221;||400px||false|false&#8221; custom_css_slide_button=&#8221;top:50px&#8221; global_colors_info=&#8221;{}&#8221;][et_pb_slide button_text=&#8221;Faites un don&#8221; button_link=&#8221;https:\/\/www.nierenstiftung.ch\/new\/fr\/faire-un-don\/&#8221; _builder_version=&#8221;4.19.4&#8243; _module_preset=&#8221;default&#8221; background_image=&#8221;https:\/\/www.nierenstiftung.ch\/new\/wp-content\/uploads\/2023\/01\/kinderniere.jpg&#8221; background_enable_image=&#8221;on&#8221; custom_button=&#8221;on&#8221; button_bg_color=&#8221;#b61650&#8243; button_border_color=&#8221;RGBA(255,255,255,0)&#8221; button_alignment=&#8221;right&#8221; global_colors_info=&#8221;{}&#8221; sticky_transition=&#8221;on&#8221;][\/et_pb_slide][\/et_pb_fullwidth_slider][\/et_pb_section][et_pb_section fb_built=&#8221;1&#8243; _builder_version=&#8221;4.19.4&#8243; _module_preset=&#8221;default&#8221; background_color=&#8221;#FFFFFF&#8221; custom_padding=&#8221;26px||50px|||&#8221; global_colors_info=&#8221;{}&#8221;][et_pb_row _builder_version=&#8221;4.19.4&#8243; _module_preset=&#8221;default&#8221; custom_margin=&#8221;|auto|80px|auto|false|false&#8221; custom_padding=&#8221;||1px|||&#8221; global_colors_info=&#8221;{}&#8221;][et_pb_column type=&#8221;4_4&#8243; _builder_version=&#8221;4.19.4&#8243; _module_preset=&#8221;default&#8221; global_colors_info=&#8221;{}&#8221;][et_pb_text admin_label=&#8221;Kinderniere&#8221; _builder_version=&#8221;4.19.4&#8243; _module_preset=&#8221;default&#8221; text_text_color=&#8221;#EE7203&#8243; text_font_size=&#8221;64px&#8221; text_font_size_tablet=&#8221;64px&#8221; text_font_size_phone=&#8221;43px&#8221; text_font_size_last_edited=&#8221;on|desktop&#8221; global_colors_info=&#8221;{}&#8221;]<\/p>\n<p>Le rein chez l\u2019enfant<\/p>\n<p>[\/et_pb_text][\/et_pb_column][\/et_pb_row][et_pb_row column_structure=&#8221;1_2,1_2&#8243; _builder_version=&#8221;4.19.4&#8243; _module_preset=&#8221;default&#8221; custom_margin=&#8221;-48px|auto||auto||&#8221; custom_padding=&#8221;||1px|||&#8221; global_colors_info=&#8221;{}&#8221;][et_pb_column type=&#8221;1_2&#8243; _builder_version=&#8221;4.19.4&#8243; _module_preset=&#8221;default&#8221; global_colors_info=&#8221;{}&#8221;][et_pb_text admin_label=&#8221;text: Liebe Kinder, liebe Eltern&#8230;&#8221; _builder_version=&#8221;4.19.4&#8243; _module_preset=&#8221;default&#8221; custom_margin=&#8221;||||false|false&#8221; global_colors_info=&#8221;{}&#8221;]<\/p>\n<p>Chers enfants, chers parents, chers int\u00e9ress\u00e9s<\/p>\n<p>Chez l\u2019enfant, les reins remplissent les m\u00eames fonctions que chez l\u2019adulte. Il existe cependant chez l\u2019enfant certaines diff\u00e9rences et particularit\u00e9s. Une bonne fonction r\u00e9nale est par exemple tr\u00e8s importante pour une bonne croissance.<\/p>\n<p><em><strong>\u2026.Quand soudain un probl\u00e8me survient \u2026..<\/strong><\/em><\/p>\n<p>Pour les enfants souffrant d\u2019une maladie r\u00e9nale, leurs parents et leurs fr\u00e8res et s\u0153urs, la vie est bien diff\u00e9rente que pour leurs camarades de classe en bonne sant\u00e9. M\u00e8me s&#8217;Ils souhaitent vivre au quotidien aussi normalement que possible, ce d\u00e9sir de normalit\u00e9 est parfois difficile \u00e0 concilier avec les nombreux traitements et rendez-vous m\u00e9dicaux n\u00e9cessaires.<\/p>\n<p>[\/et_pb_text][\/et_pb_column][et_pb_column type=&#8221;1_2&#8243; _builder_version=&#8221;4.19.4&#8243; _module_preset=&#8221;default&#8221; global_colors_info=&#8221;{}&#8221;][et_pb_text admin_label=&#8221;text: Der Wunsch nach einem m\u00f6glichst&#8230;&#8221; _builder_version=&#8221;4.19.4&#8243; _module_preset=&#8221;default&#8221; custom_margin=&#8221;||||false|false&#8221; global_colors_info=&#8221;{}&#8221;]<\/p>\n<p>Les questions et les inqui\u00e9tudes sont nombreuses, tant sur le plan m\u00e9dical que financier ou administratif. Des questions en lien avec l\u2019\u00e9ducation sont parfois soulev\u00e9es ou encore des questions sur l\u2019accompagnement des fr\u00e8res et s\u0153urs. Avec ce site, sp\u00e9cialement d\u00e9di\u00e9 aux enfants souffrant de probl\u00e8mes r\u00e9naux et \u00e0 leurs proches, nous souhaitons mettre \u00e0 disposition des informations rapides et simples \u00e0 comprendre.<\/p>\n<p>&nbsp;<\/p>\n<p>La Fondation Suisse du Rein ne donne pas de consultation ni de renseignements d\u2019ordre m\u00e9dicaux. Nous vous renvoyons pour cela \u00e0 votre m\u00e9decin traitant. Vous trouverez ci-dessous la liste des centres de n\u00e9phrologie p\u00e9diatrique.<\/p>\n<p>[\/et_pb_text][\/et_pb_column][\/et_pb_row][\/et_pb_section][et_pb_section fb_built=&#8221;1&#8243; _builder_version=&#8221;4.19.4&#8243; _module_preset=&#8221;default&#8221; background_color=&#8221;#f3f3f3&#8243; global_colors_info=&#8221;{}&#8221;][et_pb_row use_custom_gutter=&#8221;on&#8221; make_equal=&#8221;on&#8221; _builder_version=&#8221;4.19.4&#8243; _module_preset=&#8221;default&#8221; module_alignment=&#8221;center&#8221; global_colors_info=&#8221;{}&#8221;][et_pb_column type=&#8221;4_4&#8243; _builder_version=&#8221;4.19.4&#8243; _module_preset=&#8221;default&#8221; global_colors_info=&#8221;{}&#8221;][et_pb_text admin_label=&#8221;Informationen und links&#8221; _builder_version=&#8221;4.19.4&#8243; _module_preset=&#8221;default&#8221; text_text_color=&#8221;#EE7203&#8243; text_font_size=&#8221;56px&#8221; text_line_height=&#8221;1.2em&#8221; text_font_size_tablet=&#8221;56px&#8221; text_font_size_phone=&#8221;37px&#8221; text_font_size_last_edited=&#8221;on|phone&#8221; global_colors_info=&#8221;{}&#8221;]<\/p>\n<p>Informations et e liens<\/p>\n<p>[\/et_pb_text][\/et_pb_column][\/et_pb_row][et_pb_row _builder_version=&#8221;4.19.4&#8243; _module_preset=&#8221;default&#8221; global_colors_info=&#8221;{}&#8221;][et_pb_column type=&#8221;4_4&#8243; _builder_version=&#8221;4.19.4&#8243; _module_preset=&#8221;default&#8221; global_colors_info=&#8221;{}&#8221;][et_pb_toggle title=&#8221;O\u00f9 puis-je trouver un h\u00f4pital avec un service de n\u00e9phrologie p\u00e9diatrique?&#8221; icon_color=&#8221;#B61650&#8243; toggle_icon=&#8221;&#x4c;||divi||400&#8243; use_icon_font_size=&#8221;on&#8221; icon_font_size=&#8221;40px&#8221; open_icon_color=&#8221;#B61650&#8243; open_toggle_icon=&#8221;&#x4b;||divi||400&#8243; open_use_icon_font_size=&#8221;on&#8221; open_icon_font_size=&#8221;40px&#8221; admin_label=&#8221;Wo finde ich ein Spital mit einer Kindernephrologie Abteilung?&#8221; _builder_version=&#8221;4.19.4&#8243; _module_preset=&#8221;default&#8221; title_level=&#8221;h3&#8243; title_font=&#8221;Rasa||||||||&#8221; title_font_size=&#8221;25px&#8221; custom_css_open_toggle=&#8221;content: %22%92e04b%22;&#8221; border_width_all=&#8221;0px&#8221; border_width_bottom=&#8221;1px&#8221; border_color_bottom=&#8221;#B61650&#8243; global_colors_info=&#8221;{}&#8221;]<\/p>\n<p><iframe loading=\"lazy\" style=\"background: #fff;\" src=\"\/new\/spitaler.htm\" width=\"100%\" height=\"600\"><iframe><\/p>\n<p>&nbsp;<\/p>\n<p><\/iframe><\/p>\n<p>[\/et_pb_toggle][et_pb_toggle title=&#8221;Nous avons des soucis financiers!&#8221; icon_color=&#8221;#B61650&#8243; toggle_icon=&#8221;&#x4c;||divi||400&#8243; use_icon_font_size=&#8221;on&#8221; icon_font_size=&#8221;40px&#8221; open_icon_color=&#8221;#B61650&#8243; open_toggle_icon=&#8221;&#x4b;||divi||400&#8243; open_use_icon_font_size=&#8221;on&#8221; open_icon_font_size=&#8221;40px&#8221; admin_label=&#8221;Wir haben finanzielle Sorgen!&#8221; _builder_version=&#8221;4.19.4&#8243; _module_preset=&#8221;default&#8221; title_level=&#8221;h3&#8243; title_font=&#8221;Rasa||||||||&#8221; title_font_size=&#8221;25px&#8221; custom_css_open_toggle=&#8221;content: %22%92e04b%22;&#8221; border_width_all=&#8221;0px&#8221; border_width_bottom=&#8221;1px&#8221; border_color_bottom=&#8221;#B61650&#8243; global_colors_info=&#8221;{}&#8221;]<\/p>\n<p>J\u2019ai une question d\u2019ordre juridique! Comment faire une demande \u00e0 l\u2019AI?<\/p>\n<h3><strong>FAQ <\/strong><strong>:<\/strong><strong>\u00a0<\/strong><\/h3>\n<p><strong><a href=\"https:\/\/www.admin.ch\/gov\/fr\/accueil\/documentation\/communiques.msg-id-80596.html\">Nouvelle loi \u00e0 partir du 14\u00a0juillet 2021<\/a><\/strong><strong>:<\/strong>\u00a0La nouvelle loi f\u00e9d\u00e9rale sur l\u2019am\u00e9lioration de la conciliation entre activit\u00e9 professionnelle et prise en charge de proches, entr\u00e9e en vigueur en deux \u00e9tapes au 1er\u00a0janvier 2021 et au 1er\u00a0juillet 2021, r\u00e8gle le maintien du salaire pour les absences de courte dur\u00e9e et le cong\u00e9 indemnis\u00e9 de 14\u00a0semaines pour la prise en charge d\u2019un enfant gravement malade ou victime d\u2019un accident. Elle \u00e9tend \u00e9galement les bonifications pour t\u00e2ches d\u2019assistance dans l\u2019AVS et adapte le droit au suppl\u00e9ment pour soins intenses et le droit \u00e0 l\u2019allocation pour impotent de l\u2019AI en faveur des enfants.<\/p>\n<p>Cf:\u00a0<a href=\"https:\/\/www.fedlex.admin.ch\/eli\/fga\/2019\/2991\/de\" target=\"_blank\" rel=\"noopener noreferrer\">Loi f\u00e9d\u00e9rale<\/a><br \/>Loi f\u00e9d\u00e9rale sur l\u2019am\u00e9lioration de la conciliation entre activit\u00e9 professionnelle et prise en charge de proches \/ FF\u00a02019\u00a08195<\/p>\n<p>Cf. \u00e9galement les liens informatifs<\/p>\n<blockquote>\n<p><strong>Q:<\/strong>\u00a0Comment savoir si notre enfant est assur\u00e9 aupr\u00e8s de l\u2019assurance-invalidit\u00e9 ou de la caisse-maladie en raison de son probl\u00e8me r\u00e9nal?<br \/><strong>R:<\/strong>\u00a0<em>Lorsqu\u2019une demande est faite aupr\u00e8s de l\u2019assurance-invalidit\u00e9, vous \u00eates g\u00e9n\u00e9ralement inform\u00e9 par le m\u00e9decin traitant. Tout d\u00e9pend de si l\u2019affection r\u00e9nale est une infirmit\u00e9 cong\u00e9nitale reconnue aupr\u00e8s de l\u2019AI ou pas.<\/em><\/p>\n<p><a href=\"https:\/\/www.fedlex.admin.ch\/eli\/oc\/2009\/804\/de\" target=\"_blank\" rel=\"noopener noreferrer\"><em>Ordonnance concernant les infirmit\u00e9s cong\u00e9nitales<\/em><\/a><\/p>\n<\/blockquote>\n<blockquote>\n<p><strong>Q<\/strong><strong>:\u00a0<\/strong>Comment effectuer une demande aupr\u00e8s de l\u2019assurance-invalidit\u00e9?<br \/><strong>R:\u00a0<\/strong><em>En r\u00e8gle g\u00e9n\u00e9rale, le m\u00e9decin vous informe d\u00e8s lors qu\u2019une demande doit \u00eatre faite. Vous recevez alors un formulaire de demande que vous devez remplir et retourner. L\u2019assurance-invalidit\u00e9 exigera ensuite un rapport m\u00e9dical et d\u00e9cidera s\u2019il s\u2019agit d\u2019une infirmit\u00e9 cong\u00e9nitale reconnue ou pas. Vous serez alors directement inform\u00e9s en tant que parents de la d\u00e9cision de l\u2019assurance-invalidit\u00e9. Les formalit\u00e9s peuvent notamment prendre du temps. Tant que l\u2019AI n\u2019a pas rendu sa d\u00e9cision, les soins sont pris en charge par la caisse d\u2019assurance maladie.<\/em><\/p>\n<\/blockquote>\n<blockquote>\n<p><strong>Q<\/strong>: Jusqu\u2019\u00e0 quel \u00e2ge les prestations sont-elles prises en charge par l\u2019assurance-invalidit\u00e9?<br \/><strong><em>A<\/em><\/strong><em>: Jusqu\u2019aux 20\u00a0ans r\u00e9volus de l\u2019enfant (c.-\u00e0-d. jusqu\u2019\u00e0 la veille de son 21e\u00a0anniversaire)<\/em><\/p>\n<\/blockquote>\n<p>[\/et_pb_toggle][et_pb_toggle title=&#8221;Que se passe-t-il pour les parents&#8221; icon_color=&#8221;#B61650&#8243; toggle_icon=&#8221;&#x4c;||divi||400&#8243; use_icon_font_size=&#8221;on&#8221; icon_font_size=&#8221;40px&#8221; open_icon_color=&#8221;#B61650&#8243; open_toggle_icon=&#8221;&#x4b;||divi||400&#8243; open_use_icon_font_size=&#8221;on&#8221; open_icon_font_size=&#8221;40px&#8221; admin_label=&#8221;Was geschieht mit den Eltern?&#8221; _builder_version=&#8221;4.19.4&#8243; _module_preset=&#8221;default&#8221; title_level=&#8221;h3&#8243; title_font=&#8221;Rasa||||||||&#8221; title_font_size=&#8221;25px&#8221; custom_css_open_toggle=&#8221;content: %22%92e04b%22;&#8221; border_width_all=&#8221;0px&#8221; border_width_bottom=&#8221;1px&#8221; border_color_bottom=&#8221;#B61650&#8243; global_colors_info=&#8221;{}&#8221;]<\/p>\n<p><strong>Que se passe-t-il pour les parents<\/strong>, les fr\u00e8res et s\u0153urs et les proches lorsqu\u2019un enfant souffre d\u2019un probl\u00e8me r\u00e9nal?<\/p>\n<p>Qu\u2019est-ce qu\u2019elle a ma s\u0153ur, qu\u2019est-ce qu\u2019il a mon fr\u00e8re? Pourquoi est-il malade? Pourquoi ne joue-t-elle plus avec moi? Pourquoi est-ce que mes parents n\u2019ont plus de temps pour moi? Est-ce que mon fr\u00e8re a mal?<\/p>\n<p>Entre 10 et 20% des enfants et des adolescents en \u00e2ge scolaire sont touch\u00e9s par une restriction de sant\u00e9 ou une maladie chronique. Les \u00e9coles s\u2019engagent pour que chaque enfant en \u00e2ge d\u2019\u00eatre scolaris\u00e9 soit pris en charge comme il se doit.<\/p>\n<p>Les offres propos\u00e9es sont diff\u00e9rentes selon les cantons.\u00a0<\/p>\n<p><strong><a href=\"https:\/\/www.scolarmed.ch\/index.php\/fr\/service-de-sante-scolaire\/les-services-de-sante-scolaire-en-suisse\">Service de sant\u00e9 scolaire<\/a><\/strong><span>\u00a0<\/span>\u2013 information sur le suivi \u00e0 l\u2019\u00e9cole au quotidien<\/p>\n<p><a href=\"https:\/\/www.sgkjpp.ch\/service\/psychiatersuche\/\" target=\"_blank\" rel=\"noopener noreferrer\">O\u00f9 trouver un soutien psychologique?<\/a><\/p>\n<p>[\/et_pb_toggle][et_pb_toggle title=&#8221;Liens informatifs &#8221; icon_color=&#8221;#B61650&#8243; toggle_icon=&#8221;&#x4c;||divi||400&#8243; use_icon_font_size=&#8221;on&#8221; icon_font_size=&#8221;40px&#8221; open_icon_color=&#8221;#B61650&#8243; open_toggle_icon=&#8221;&#x4b;||divi||400&#8243; open_use_icon_font_size=&#8221;on&#8221; open_icon_font_size=&#8221;40px&#8221; admin_label=&#8221;Informative Links&#8221; _builder_version=&#8221;4.19.4&#8243; _module_preset=&#8221;default&#8221; title_level=&#8221;h3&#8243; title_font=&#8221;Rasa||||||||&#8221; title_font_size=&#8221;25px&#8221; custom_css_open_toggle=&#8221;content: %22%92e04b%22;&#8221; border_width_all=&#8221;0px&#8221; border_width_bottom=&#8221;1px&#8221; border_color_bottom=&#8221;#B61650&#8243; saved_tabs=&#8221;all&#8221; global_colors_info=&#8221;{}&#8221;]\r\n\t\t\t<div class='et-tabs-container et_sliderfx_fade et_sliderauto_false et_sliderauto_speed_5000 et_slidertype_top_tabs'>\r\n\t\t\t\t<ul class='et-tabs-control'>\r\n\t\t\t<li><a href='#'>\r\n\t\t\tDE\r\n\t\t<\/a><\/li> \r\n\t\t<li><a href='#'>\r\n\t\t\tIT\r\n\t\t<\/a><\/li> \r\n\t\t<li><a href='#'>\r\n\t\t\tFR\r\n\t\t<\/a><\/li> \r\n\t\t<li><a href='#'>\r\n\t\t\tEN\r\n\t\t<\/a><\/li>\r\n\t\t<\/ul> \r\n\t\t<div class='et-tabs-content'>\r\n\t\t\t<div class='et-tabs-content-main-wrap'>\r\n\t\t\t\t<div class='et-tabs-content-wrapper'>\r\n\t\t\t\t\t<div class='et_slidecontent'>\r\n\t\t\t<span style=\"color: #ee7203;\">\u00a0Orange<\/span> = Sprache verf\u00fcgbar<\/p>\n<table width=\"100%\">\n<tbody>\n<tr>\n<td><strong><a href=\"https:\/\/skos.ch\/dienstleistungen\/anlaufstellen-fuer-betroffene\" target=\"_blank\" rel=\"noopener\">Anlaufstelle f\u00fcr Betroffene <\/a><\/strong><a href=\"https:\/\/skos.ch\/dienstleistungen\/anlaufstellen-fuer-betroffene\" target=\"_blank\" rel=\"noopener\">\u2013 Sozialhilfebeziehende (DE\/FR). Die SKOS bietet selber keine Beratung f\u00fcr Sozialhilfebeziehende und ihre Angeh\u00f6rigen an, sie vermittelt jedoch Adressen von privaten und \u00f6ffentlichen Beratungsstellen sowie von Ombudsstellen, die diese Aufgabe \u00fcbernehmen. Schweizerische Konferenz f\u00fcr Sozialhilfe (SKOS)<\/a><\/td>\n<\/tr>\n<tr>\n<td><a href=\"http:\/\/www.nierenpatienten.ch\/ueber-uns\/brandenberger-hilfsfond\/\" target=\"_blank\" rel=\"noopener noreferrer\"><strong>Brandenberger<\/strong> Hilfsfond: Ziel und Zweck ist die finanzielle Unterst\u00fctzung von hilfsbed\u00fcrftigen- oder finanziell in Not geratene Nierenpatienten<\/a><\/td>\n<\/tr>\n<tr>\n<td><a href=\"https:\/\/www.nierenkranke-kinder.de\/\" target=\"_blank\" rel=\"noopener noreferrer\">Deutschland &#8211; Hilfe f\u00fcr nierenkranke Kinder und Jugendliche e.V. &#8211; viele Informationen (auf Deutsch)<\/a><\/td>\n<\/tr>\n<tr>\n<td><a href=\"https:\/\/entlastungsdienst.ch\/\" target=\"_blank\" rel=\"noopener noreferrer\"><strong>Entlastungsdienst<\/strong>: Sind Sie auf der Suche nach Unterst\u00fctzung in der Betreuung (auf Deutsch)<\/a><\/td>\n<\/tr>\n<tr>\n<td><a href=\"https:\/\/www.inclusion-handicap.ch\/de\/recht\/rechtsberatung-44.html\" target=\"_blank\" rel=\"noopener noreferrer\"><strong>Inclusion handicap<\/strong> bietet Beratung und Mandatsf\u00fchrung an. Bei \u00dcbernahme eines Mandates wird eine einmalige Fallpauschale von Fr 150.00 berechnet<\/a><\/td>\n<\/tr>\n<tr>\n<td><a href=\"https:\/\/kinder-spitex.ch\/\" target=\"_blank\" rel=\"noopener noreferrer\"><strong>Kinderspitex<\/strong>: Der Verband Kinder-Spitex Schweiz ist ein Zusammenschluss von Kinder-Spitex Organisationen und freiberuflichen Pflegefach\u00acpersonen, die in der P\u00e4diatrischen Pflege im spitalexternen Setting t\u00e4tig sind.<\/a><\/td>\n<\/tr>\n<tr>\n<td><a href=\"https:\/\/www.redcross.ch\/de\/soziale-integration\/entlastung\/das-srk-hilft-ihnen-im-alltag\" target=\"_blank\" rel=\"noopener noreferrer\"><strong>Kinderbetreuungsdienst<\/strong> des Schweizerischen Roten Kreuzes<\/a><\/td>\n<\/tr>\n<tr>\n<td><a href=\"https:\/\/www.orpha.net\/consor\/cgi-bin\/index.php?lng=DE\" target=\"_blank\" rel=\"noopener noreferrer\"><strong>Orpha.net<\/strong> &#8211; Das Portal f\u00fcr seltene Krankheiten und Orphan Drugs<\/a><\/td>\n<\/tr>\n<tr>\n<td><a href=\"https:\/\/www.paediatrieschweiz.ch\/\" target=\"_blank\" rel=\"noopener noreferrer\"><strong>P\u00e4diatrie schweiz<\/strong> ist die professionelle Organisation f\u00fcr alle Kinder\u00e4rztinnen und Kinder\u00e4rzte in der Schweiz<\/a><\/td>\n<\/tr>\n<tr>\n<td><a href=\"https:\/\/www.procap.ch\/\" target=\"_blank\" rel=\"noopener noreferrer\"><strong>Procap<\/strong>: Wir k\u00e4mpfen im Kleinen wie im Grossen f\u00fcr Menschen mit Behinderungen<\/a><\/td>\n<\/tr>\n<tr>\n<td><a href=\"https:\/\/www.proinfirmis.ch\/\" target=\"_blank\" rel=\"noopener noreferrer\"><strong>Pro Infirmis<\/strong> &#8211; f\u00fchrt in der ganzen Schweiz Beratungsstellen und unterst\u00fctzt Menschen mit Behinderungen und ihre Angeh\u00f6rigen<\/a><\/td>\n<\/tr>\n<tr>\n<td><strong><a href=\"https:\/\/www.sgkjpp.ch\/service\/psychiatersuche\/\" target=\"_blank\" rel=\"noopener noreferrer\"> Psychiatersuche<\/a><\/strong><\/td>\n<\/tr>\n<tr>\n<td><a href=\"https:\/\/www.rechtsberatung-up.ch\/\" target=\"_blank\" rel=\"noopener noreferrer\"><strong>Rechtsberatungsstelle UP f\u00fcr Unfallopfer und Patienten<\/strong>. Wir kennen Ihre Rechte. Eine Beratung von 45 Minuten kostet CHF 100.00<\/a><\/td>\n<\/tr>\n<tr>\n<td><a href=\"https:\/\/www.scolarmed.ch\/index.php\/de\/schulaerzliche-dienste\/schulaerztliche-dienste-der-schweiz\" target=\"_blank\" rel=\"noopener noreferrer\"><strong>Schul\u00e4rztliche Dienste<\/strong> &#8211; Information zur Betreuung in Schulalltag<\/a><\/td>\n<\/tr>\n<tr>\n<td><a href=\"https:\/\/www.paediatrieschweiz.ch\/news\/paediatrische-nephrologie\/\" target=\"_blank\" rel=\"noopener noreferrer\">Schweizerische Arbeitsgruppe f\u00fcr P\u00e4diatrische Nephrologie (SAPN)<\/a><\/td>\n<\/tr>\n<tr>\n<td><a href=\"https:\/\/www.kindernierenregister.ch\/\" target=\"_blank\" rel=\"noopener noreferrer\">Schweizerische P\u00e4diatrische Nierenregister (SPNR)<\/a><\/td>\n<\/tr>\n<tr>\n<td><a href=\"https:\/\/www.pro-pallium.ch\/\" target=\"_blank\" rel=\"noopener noreferrer\"><strong>Schweizer Palliativstiftung<\/strong>: unterst\u00fctzt Familien mit schwerstkranken Kindern<\/a><\/td>\n<\/tr>\n<tr>\n<td><strong><a href=\"http:\/\/www.pro-aegrotis.ch\/\" target=\"_blank\" rel=\"noopener noreferrer\">Selbsthilfe<\/a><\/strong><\/td>\n<\/tr>\n<tr>\n<td><a href=\"https:\/\/makeawish.ch\/\" target=\"_blank\" rel=\"noopener\"><span><strong>Make-A-Wish Foundation\u00ae Schweiz und Liechtenstein<\/strong> realisiert die Herzensw\u00fcnsche von 3 bis 18 j\u00e4hrigen Kindern, die an einer schweren Krankheit leiden, und gibt ihnen so\u00a0<\/span><strong><span>Hoffnung<\/span><\/strong><span>,\u00a0<\/span><strong><span>Kraft<\/span><\/strong><span>\u00a0und\u00a0<\/span><strong><span>Freude<\/span><\/strong><span>.<\/span><\/a><strong>\n<\/strong><\/td>\n<\/tr>\n<tr>\n<td><strong>AIRG<\/strong>-Suisse: Association pour l&#8217;information et la Recherche sur les maladies r\u00e9nales g\u00e9n\u00e9tiques<\/td>\n<\/tr>\n<tr>\n<td>Association pour la <strong>Scl\u00e9rose Tub\u00e9reuse de Bourneville<\/strong><\/td>\n<\/tr>\n<tr>\n<td>Association Intervalle : Maison <strong>INTERVALLE<\/strong> &#8211; une maison pour les parents d\u2019enfants<\/td>\n<\/tr>\n<\/tbody>\n<\/table>\n<p><em>Links auf Webseiten Dritter liegt ausserhalb des Verantwortungsbereichs der SNS. Der Zugriff und die Nutzung solcher Webseiten erfolgen auf eigene Gefahr des Nutzers oder der Nutzerin. Die SNS erkl\u00e4ren ausdr\u00fccklich, dass sie keinerlei Einfluss auf die Gestaltung, den Inhalt und die Angebote der verkn\u00fcpften Seiten haben. Informationen und Dienstleistungen von verkn\u00fcpften Webseiten liegen vollumf\u00e4nglich in der Verantwortung des jeweiligen Dritten.\nEs wird jegliche Verantwortung f\u00fcr solche Webseiten abgelehnt.<\/em><\/p>\r\n\t\t<\/div> \r\n\t\t<div class='et_slidecontent'>\r\n\t\t\t<p><span style=\"color: #ee7203;\">\u00a0Arancio<\/span> = lingua disponibile<\/p>\n<table width=\"100%\">\n<tbody>\n<tr>\n<td><b>Brandenberger<\/b> Hilfsfond: (Fondo di soccorso): questo fondo ha lo scopo di fornire un sostegno finanziario ai pazienti nefropatici bisognosi di aiuto o in difficolt\u00e0 finanziarie<\/td>\n<\/tr>\n<tr>\n<td>Deutschland &#8211; Hilfe f\u00fcr nierenkranke Kinder und Jugendliche e.V. &#8211; Associazione di aiuto per bambini e adolescenti con malattie renali &#8211; molte informazioni (in tedesco)<\/td>\n<\/tr>\n<tr>\n<td>Entlastungsdienst: (servizio di sollievo): se siete alla ricerca di supporto all&#8217;assistenza (in tedesco)<\/td>\n<\/tr>\n<tr>\n<td><b>Inclusion handicap<\/b> offre consulenza ed esecuzione del mandato. In caso di assunzione di un mandato viene applicata una tariffa forfettaria una tantum di CHF 150.00<\/td>\n<\/tr>\n<tr>\n<td><a href=\"https:\/\/kinder-spitex.ch\/it\/home-3\/\" target=\"_blank\" rel=\"noopener noreferrer\"><b>Kinderspitex<\/b>: L&#8217;associazione Kinderspitex Svizzera raggruppa le organizzazioni di spitex pediatrici e di personale infermieristico libero professionista operante nell&#8217;assistenza pediatrica in ambito extra-ospedaliero<\/a><\/td>\n<\/tr>\n<tr>\n<td><a href=\"https:\/\/www.redcross.ch\/it\/integrazione-sociale\/servizi-di-sostegno\" target=\"_blank\" rel=\"noopener noreferrer\">Servizio di assistenza all&#8217;infanzia della Croce Rossa Svizzera<\/a><\/td>\n<\/tr>\n<tr>\n<td><a href=\"https:\/\/www.orpha.net\/consor\/cgi-bin\/index.php?lng=IT\" target=\"_blank\" rel=\"noopener noreferrer\">Orpha.net &#8211; Il portale delle malattie rare e dei farmaci orfani<\/a><\/td>\n<\/tr>\n<tr>\n<td><a href=\"https:\/\/www.paediatrieschweiz.ch\/it\/\" target=\"_blank\" rel=\"noopener noreferrer\">P\u00e4diatrie schweiz \u00e8 l&#8217;organizzazione professionale di tutti i medici pediatri della Svizzera<\/a><\/td>\n<\/tr>\n<tr>\n<td><a href=\"https:\/\/www.procap.ch\/\" target=\"_blank\" rel=\"noopener noreferrer\">Procap: <\/a> <a href=\"https:\/\/www.procap.ch\/it.html\">ci battiamo per le persone disabili piccole e grandi.<\/a><\/td>\n<\/tr>\n<tr>\n<td><a href=\"https:\/\/www.proinfirmis.ch\/\" target=\"_blank\" rel=\"noopener noreferrer\">Pro Infirmis &#8211; <\/a> <a href=\"https:\/\/www.proinfirmis.ch\/it\/organizzazione-per-disabili.html\"> gestisce centri di consulenza su tutto il territorio svizzero e assiste le persone affette da disabilit\u00e0 e i loro familiari<\/a><\/td>\n<\/tr>\n<tr>\n<td>Ricerca psichiatrica<\/td>\n<\/tr>\n<tr>\n<td><a href=\"https:\/\/www.rechtsberatung-up.ch\/it\/\" target=\"_blank\" rel=\"noopener noreferrer\"> Rechtsberatungsstelle UP Centro di consulenza legale per vittime di incidenti e pazienti Conosciamo i vostri diritti. Una consulenza di 45 minuti costa CHF 100.00<\/a><\/td>\n<\/tr>\n<tr>\n<td><b>Servizi medici scolastici <\/b>&#8211; informazioni sull&#8217;assistenza nella quotidianit\u00e0 scolastica<\/td>\n<\/tr>\n<tr>\n<td>Gruppo di Lavoro Svizzero per la Nefrologia Pediatrica (SAPN)<\/td>\n<\/tr>\n<tr>\n<td><b>Registro Pediatrico Svizzero dei Reni (RPSR)<\/b><\/td>\n<\/tr>\n<tr>\n<td><b>Schweizer Palliativstiftung<\/b> (Fondazione svizzera di cure palliative): supporta le famiglie con bambini affetti da malattie gravi<\/td>\n<\/tr>\n<tr>\n<td><a href=\"https:\/\/makeawish.ch\/it\/\" target=\"_blank\" rel=\"noopener\"><strong><span lang=\"IT\">Make-A-Wish Svizzera <\/span><\/strong><span lang=\"IT\">realizza desideri che cambiano la vita dei bambini di et\u00e0 compresa tra i 3 e i 18 anni che vivono con una grave condizione medica per dare loro Speranza, Forza e Gioia.<\/span><\/a><\/td>\n<\/tr>\n<tr>\n<td><a href=\"https:\/\/www.autoaiutosvizzera.ch\/shch\/it\/selbsthilfe-gesucht\/selbsthilfe-gesucht.html\"> Autoaiuto<\/a><\/td>\n<\/tr>\n<tr>\n<td><b>AIRG-Suisse<\/b>: Association pour l&#8217;information et la Recherche sur les maladies r\u00e9nales g\u00e9n\u00e9tiques<\/td>\n<\/tr>\n<tr>\n<td>Association pour la <b>Scl\u00e9rose Tub\u00e9reuse de Bourneville<\/b><\/td>\n<\/tr>\n<tr>\n<td>Association Intervalle : Maison <b>INTERVALLE<\/b> &#8211; une maison pour les parents d\u2019enfants hospitalis\u00e9s<\/td>\n<\/tr>\n<\/tbody>\n<\/table>\n<p><em>I link a siti web di terzi esulano dalla sfera di responsabilit\u00e0 della FSR. L\u2019accesso e l\u2019uso di tali siti web avviene a rischio esclusivo dell\u2019utente. Le FSR dichiarano espressamente di non avere alcun influsso su design, contenuto e offerte dei siti web connessi. Le informazioni e i servizi offerti dai siti web collegati sono di esclusiva responsabilit\u00e0 dei rispettivi operatori terzi.\nSi declina qualsiasi responsabilit\u00e0 in merito a tali siti web.<\/em><\/p>\r\n\t\t<\/div> \r\n\t\t<div class='et_slidecontent'>\r\n\t\t\t<p><span style=\"color: #ee7203;\">\u00a0Orange<\/span> = Langue disponible<\/p>\n<table width=\"100%\">\n<tbody>\n<tr>\n<td><strong><a href=\"https:\/\/skos.ch\/dienstleistungen\/anlaufstellen-fuer-betroffene\" target=\"_blank\" rel=\"noopener\">Anlaufstelle f\u00fcr Betroffene<\/strong>\u2013 Sozialhilfebeziehende (DE\/FR). Die SKOS bietet selber keine Beratung f\u00fcr Sozialhilfebeziehende und ihre Angeh\u00f6rigen an, sie vermittelt jedoch Adressen von privaten und \u00f6ffentlichen Beratungsstellen sowie von Ombudsstellen, die diese Aufgabe \u00fcbernehmen. Schweizerische Konferenz f\u00fcr Sozialhilfe (SKOS)<\/a><\/td>\n<\/tr>\n<tr>\n<td><a href=\"https:\/\/maladierenale.ch\/\" target=\"_blank\" rel=\"noopener noreferrer\"><b>Fonds d\u2019Entraide Brandenberger<\/b>: Ce fonds a pour but d\u2019apporter un soutien financier aux patients insuffisants r\u00e9naux dans le besoin ou dans une situation financi\u00e8re pr\u00e9caire<\/a><\/td>\n<\/tr>\n<tr>\n<td>Allemagne &#8211; Hilfe f\u00fcr nierenkranke Kinder und Jugendliche e.V. &#8211; site comportant de nombreuses informations (en allemand)<\/td>\n<\/tr>\n<tr>\n<td><b>Service d\u2019assistance pour vous d\u00e9lester<\/b>: vous cherchez de l\u2019aide pour la prise en charge au quotidien (en allemand)<\/td>\n<\/tr>\n<tr>\n<td><a href=\"https:\/\/www.inclusion-handicap.ch\/fr\/droit\/conseils-juridiques-44.html\" target=\"_blank\" rel=\"noopener noreferrer\"> <b>Inclusion handicap<\/b> propose des conseils et une prise en charge de mandat. Lors de la constitution d\u2019un dossier (\u00e0 compter d\u2019une heure de travail), un forfait unique de Fr 150.00 est factur\u00e9 par cas.<\/a><\/td>\n<\/tr>\n<tr>\n<td><a href=\"https:\/\/kinder-spitex.ch\/fr\/home-2\/\" target=\"_blank\" rel=\"noopener noreferrer\"><b>Kinderspitex<\/b>: l\u2019Association Soins p\u00e9diatriques \u00e0 domicile Suisse est une association d\u2019organisations de Soins p\u00e9diatriques \u00e0 domicile et d\u2019infirmi\u00e8res et d\u2019infirmiers ind\u00e9pendants actifs dans le domaine des soins p\u00e9diatriques en milieu extrahospitalier<\/a><\/td>\n<\/tr>\n<tr>\n<td><a href=\"https:\/\/www.redcross.ch\/fr\/integration-sociale\/aide\/soutien-aux-personnes-agees-handicapees-et-aux-familles\" target=\"_blank\" rel=\"noopener noreferrer\"> Service de garde d\u2019enfants de la Croix-Rouge Suisse<\/a><\/td>\n<\/tr>\n<tr>\n<td><a href=\"https:\/\/www.orpha.net\/consor\/cgi-bin\/index.php?lng=IT\" target=\"_blank\" rel=\"noopener noreferrer\">Orpha.net &#8211; <\/a> <a href=\"https:\/\/www.orpha.net\/consor\/cgi-bin\/index.php?lng=FR\">Le portail des maladies rares et des m\u00e9dicaments orphelins<\/a><\/td>\n<\/tr>\n<tr>\n<td><a href=\"https:\/\/www.paediatrieschweiz.ch\/fr\/\" target=\"_blank\" rel=\"noopener noreferrer\"><b>P\u00e9diatrie suisse <\/b>est l\u2019organisation professionnelle de tous les p\u00e9diatres en Suisse<\/a><\/td>\n<\/tr>\n<tr>\n<td><a href=\"https:\/\/www.procap.ch\/fr.html\" target=\"_blank\" rel=\"noopener noreferrer\">Procap: Nous nous battons \u00e0 petite et grande \u00e9chelle pour les personnes avec handicap<\/a><\/td>\n<\/tr>\n<tr>\n<td><a href=\"https:\/\/www.proinfirmis.ch\/\" target=\"_blank\" rel=\"noopener noreferrer\">Pro Infirmis &#8211; <\/a> <a href=\"https:\/\/www.proinfirmis.ch\/fr.html\">propose des services de consultation et soutient les personnes porteuses de handicap ainsi que leurs proches partout en Suisse<\/a><\/td>\n<\/tr>\n<tr>\n<td><a href=\"https:\/\/www.sgkjpp.ch\/fr\/service\/recherche-de-psychiatres\/\" target=\"_blank\" rel=\"noopener noreferrer\"> Recherche de psychiatre<\/a><\/td>\n<\/tr>\n<tr>\n<td><a href=\"https:\/\/www.rechtsberatung-up.ch\/fr\/\" target=\"_blank\" rel=\"noopener noreferrer\"> <b>Bureau de consultation juridique<\/b> (Rechtsberatung UP) pour les victimes d\u2019accidents et les malades. Nous connaissons vos droits. Un conseil de 45 minutes co\u00fbte CHF 100<\/a><\/td>\n<\/tr>\n<tr>\n<td><a href=\"https:\/\/www.scolarmed.ch\/index.php\/fr\/service-de-sante-scolaire\/les-services-de-sante-scolaire-en-suisse\" target=\"_blank\" rel=\"noopener noreferrer\"> <b>Service de sant\u00e9 scolaire<\/b> &#8211; information sur le suivi \u00e0 l\u2019\u00e9cole au quotidien<\/a><\/td>\n<\/tr>\n<tr>\n<td><a href=\"https:\/\/www.paediatrieschweiz.ch\/fr\/news\/nephrologie-pediatrique\/\" target=\"_blank\" rel=\"noopener noreferrer\"> Groupe de travail de la Soci\u00e9t\u00e9 Suisse de <b>N\u00e9phrologie P\u00e9diatrique<\/b> (SAPN) <\/a><\/td>\n<\/tr>\n<tr>\n<td><b>Registre P\u00e9diatrique Suisse du Rein (RPSR)<\/b><\/td>\n<\/tr>\n<tr>\n<td><b>Schweizer Palliativstiftung<\/b>\u00a0 (Fondation suisse de soins palliatifs): vient en aide aux familles dont les enfants sont gravement malades<\/td>\n<\/tr>\n<tr>\n<td><a href=\"https:\/\/makeawish.ch\/fr\/\" target=\"_blank\" rel=\"noopener\"><strong><span lang=\"FR\">Make-A-Wish Switzerland\u00a0<\/span><\/strong><span lang=\"FR\">r\u00e9alise\u00a0des voeux qui changent la vie d\u2019enfants atteints d\u2019une maladie grave<\/span><\/a><\/td>\n<\/tr>\n<tr>\n<td><a href=\"https:\/\/www.infoentraidesuisse.ch\/shch\/fr\/selbsthilfe-gesucht\/moteur-de-recherche.html\" target=\"_blank\" rel=\"noopener noreferrer\"> Entraide<\/a><\/td>\n<\/tr>\n<tr>\n<td><a href=\"https:\/\/airg-suisse.org\/\" target=\"_blank\" rel=\"noopener noreferrer\"><b>AIRG-Suisse<\/b>: Association pour l&#8217;information et la Recherche sur les maladies r\u00e9nales g\u00e9n\u00e9tiques <\/a><\/td>\n<\/tr>\n<tr>\n<td><a href=\"https:\/\/www.stb-suisse.ch\/\" target=\"_blank\" rel=\"noopener noreferrer\">Association pour la <b> Scl\u00e9rose Tub\u00e9reuse de Bourneville<\/b><\/a><\/td>\n<\/tr>\n<tr>\n<td><a href=\"https:\/\/association-intervalle.ch\/\" target=\"_blank\" rel=\"noopener noreferrer\">Association Intervalle : Maison <b>INTERVALLE<\/b> &#8211; une maison pour les parents d\u2019enfants <\/a><\/td>\n<\/tr>\n<\/tbody>\n<\/table>\n<p><em>Les liens renvoyant vers les sites web de tiers ne sont pas de la responsabilit\u00e9 de la Fondation suisse du rein. L\u2019acc\u00e8s \u00e0 ces sites et leur utilisation se font aux risques et p\u00e9rils de l\u2019utilisateur. La Fondation suisse du rein d\u00e9clare express\u00e9ment qu\u2019elle n\u2019a aucune influence sur l\u2019organisation, le contenu ni les offres des sites mis en lien. Les informations et les services des sites web mis en lien sont sous l\u2019enti\u00e8re responsabilit\u00e9 de la tierce partie concern\u00e9e.\nLa Fondation suisse du rein rejette toute responsabilit\u00e9 concernant ce type de sites.<\/em><\/p>\r\n\t\t<\/div> \r\n\t\t<div class='et_slidecontent'>\r\n\t\t\t<p><span style=\"color: #ee7203;\">\u00a0Orange<\/span> = Language available<\/p>\n<table width=\"100%\">\n<tbody>\n<tr>\n<td><b>Brandenberger Hilfsfond <\/b>[assistance fund]: Its purpose is financial support for kidney patients in need of assistance or in financial difficulties.<\/td>\n<\/tr>\n<tr>\n<td>Germany &#8211; Hilfe f\u00fcr nierenkranke Kinder und Jugendliche e.V. [aid for children and adolescents with kidney disease] \u2013 lots of information (in German)<\/td>\n<\/tr>\n<tr>\n<td><b>Respite service<\/b>: If you are looking for support with care<\/td>\n<\/tr>\n<tr>\n<td><b>Inclusion handicap <\/b>offers advice and legal representation. A one-off flat rate of CHF 150.00 is calculated for taking on a case.<\/td>\n<\/tr>\n<tr>\n<td><b>Kinderspitex -Spitex for children<\/b>: The association of Swiss Spitex services for children is an amalgamation of Spitex for children organisations and freelance nursing staff who work in paediatric care in the Spitex outpatient setting.<\/td>\n<\/tr>\n<tr>\n<td><b>Childcare service<\/b> of the Swiss Red Cross<\/td>\n<\/tr>\n<tr>\n<td><a href=\"https:\/\/www.orpha.net\/consor\/cgi-bin\/index.php?lng=EN\" target=\"_blank\" rel=\"noopener noreferrer\"> <b>Orpha.net: <\/b>The portal for rare diseases and orphan drugs<\/a><\/td>\n<\/tr>\n<tr>\n<td>P\u00e4diatrie schweiz &#8211;<b>Swiss Paediatrics<\/b> is the professional organisation for all paediatricians in Switzerland<\/td>\n<\/tr>\n<tr>\n<td><b>Procap<\/b>: We fight for people with disabilities on small as well as large issues.<\/td>\n<\/tr>\n<tr>\n<td><b>Pro Infirmis <\/b>\u2013 runs advisory services throughout Switzerland and supports people with disabilities and their families.<\/td>\n<\/tr>\n<tr>\n<td><b>Psychiatrist Search<\/b><\/td>\n<\/tr>\n<tr>\n<td><b>Rechtsberatungsstelle<\/b> &#8211; <b>legal aid office UP<\/b> for accident victims and patients. We know your rights. A 45-minute consultation costs CHF 100.00.<\/td>\n<\/tr>\n<tr>\n<td><b>School Medical Service <\/b>&#8211; information about care in everyday school life<\/td>\n<\/tr>\n<tr>\n<td>Swiss Association for <b>Paediatric Nephrology (SAPN)<\/b><\/td>\n<\/tr>\n<tr>\n<td>Swiss Paediatric <b>Renal Register (SPRR)<\/b><\/td>\n<\/tr>\n<tr>\n<td><b>Pro Pallium Stiftung<\/b> &#8211; Swiss Palliative Foundation: supports families with the most severely ill children<\/td>\n<\/tr>\n<tr>\n<td><a href=\"https:\/\/makeawish.ch\/en\/\" target=\"_blank\" rel=\"noopener\"><strong><span lang=\"EN-US\">Make-A-Wish Foundation of Switzerland &amp; Liechtenstein <\/span><\/strong><span lang=\"EN-US\">grants the most heartfelt wishes of children aged between 3 and 18 living with a serious medical condition to give them Hope, Strength and Joy<\/span><\/a><b>\n<\/b><\/td>\n<\/tr>\n<tr>\n<td><b>Self-help<\/b><\/td>\n<\/tr>\n<tr>\n<td><b>AIRG-Suisse:<\/b> Association for information and research into genetic kidney diseases (French only)<\/td>\n<\/tr>\n<tr>\n<td>Association for <b>Tuberous Sclerosis Complex<\/b> (French only)<\/td>\n<\/tr>\n<tr>\n<td><a href=\"https:\/\/association-intervalle.ch\/en\/\" target=\"_blank\" rel=\"noopener noreferrer\"><b>Association Intervalle<\/b>: The INTERVALLE home \u2013 a house where parents of hospitalised children can stay<\/a><\/td>\n<\/tr>\n<\/tbody>\n<\/table>\n<p><em>Links to third-party websites lies outside the area of responsibility of the SKF. Access to and use of such websites is at the user\u2019s own risk. The SKF expressly declares that it has no influence on the design, content and offers appearing on the linked websites. Information and services provided on the linked websites are the full responsibility of the third party concerned.\nNo liability is accepted for such websites.<\/em><\/p>\r\n\t\t<\/div>\r\n\t\t\t\t<\/div>\r\n\t\t\t<\/div>\r\n\t\t<\/div>\r\n\t\t\t<\/div>[\/et_pb_toggle][et_pb_toggle title=&#8221;Transition&#8221; icon_color=&#8221;#B61650&#8243; toggle_icon=&#8221;&#x4c;||divi||400&#8243; use_icon_font_size=&#8221;on&#8221; icon_font_size=&#8221;40px&#8221; open_icon_color=&#8221;#B61650&#8243; open_toggle_icon=&#8221;&#x4b;||divi||400&#8243; open_use_icon_font_size=&#8221;on&#8221; open_icon_font_size=&#8221;40px&#8221; admin_label=&#8221;Transition \u2013 \u00dcbergang \u2013 \u00dcbertritt&#8221; _builder_version=&#8221;4.19.4&#8243; _module_preset=&#8221;default&#8221; title_level=&#8221;h3&#8243; title_font=&#8221;Rasa||||||||&#8221; title_font_size=&#8221;25px&#8221; custom_css_open_toggle=&#8221;content: %22%92e04b%22;&#8221; border_width_all=&#8221;0px&#8221; border_width_bottom=&#8221;1px&#8221; border_color_bottom=&#8221;#B61650&#8243; global_colors_info=&#8221;{}&#8221;]<\/p>\n<p><span>Lors que les enfants grandissent\u2026 Vous \u00eates-vous d\u00e9j\u00e0 demand\u00e9 comment se passera la transition entre la n\u00e9phrologie p\u00e9diatrique et la n\u00e9phrologie adulte? Les m\u00e9decins qui s\u2019occupent de vous peuvent vous renseigner et vous donner des informations.<\/span><\/p>\n<p>[\/et_pb_toggle][et_pb_toggle title=&#8221;Brochures de la Fondation Suisse du Rein&#8221; icon_color=&#8221;#B61650&#8243; toggle_icon=&#8221;&#x4c;||divi||400&#8243; use_icon_font_size=&#8221;on&#8221; icon_font_size=&#8221;40px&#8221; open_icon_color=&#8221;#B61650&#8243; open_toggle_icon=&#8221;&#x4b;||divi||400&#8243; open_use_icon_font_size=&#8221;on&#8221; open_icon_font_size=&#8221;40px&#8221; admin_label=&#8221;Unsere Brosch\u00fcren&#8221; _builder_version=&#8221;4.19.4&#8243; _module_preset=&#8221;default&#8221; title_level=&#8221;h3&#8243; title_font=&#8221;Rasa||||||||&#8221; title_font_size=&#8221;25px&#8221; hover_enabled=&#8221;0&#8243; custom_css_open_toggle=&#8221;content: %22%92e04b%22;&#8221; border_width_all=&#8221;0px&#8221; border_width_bottom=&#8221;1px&#8221; border_color_bottom=&#8221;#B61650&#8243; global_colors_info=&#8221;{}&#8221; sticky_enabled=&#8221;0&#8243;]<\/p>\n<p><a href=\"https:\/\/www.nierenstiftung.ch\/new\/fr\/guide-pratique\/#brochure\" target=\"_blank\" rel=\"noopener\">Brochure pour enfants &#8220;Nos reins sont des h\u00e9ros&#8221;<\/a><\/p>\n<p><a href=\"https:\/\/www.nierenstiftung.ch\/new\/fr\/guide-pratique\/#brochure\" target=\"_blank\" rel=\"noopener\">Vivre avec une maladie r\u00e9nale<\/a><\/p>\n<p><a href=\"https:\/\/www.nierenstiftung.ch\/new\/fr\/guide-pratique\/\" target=\"_blank\" rel=\"noopener\">Pr\u00e9server la fonction r\u00e9nale &#8211; m\u00eame en cas de maladie r\u00e9nale<\/a><\/p>\n<p>[\/et_pb_toggle][et_pb_toggle title=&#8221;Bibliographie&#8221; icon_color=&#8221;#B61650&#8243; toggle_icon=&#8221;&#x4c;||divi||400&#8243; use_icon_font_size=&#8221;on&#8221; icon_font_size=&#8221;40px&#8221; open_icon_color=&#8221;#B61650&#8243; open_toggle_icon=&#8221;&#x4b;||divi||400&#8243; open_use_icon_font_size=&#8221;on&#8221; open_icon_font_size=&#8221;40px&#8221; admin_label=&#8221;Literatur&#8221; _builder_version=&#8221;4.19.4&#8243; _module_preset=&#8221;default&#8221; title_level=&#8221;h3&#8243; title_font=&#8221;Rasa||||||||&#8221; title_font_size=&#8221;25px&#8221; custom_css_open_toggle=&#8221;content: %22%92e04b%22;&#8221; border_width_all=&#8221;0px&#8221; border_width_bottom=&#8221;1px&#8221; border_color_bottom=&#8221;#B61650&#8243; global_colors_info=&#8221;{}&#8221;]<\/p>\n<p>Docteure Kiddys livre des reins<br \/>Le Dr Kiddy explique tout \u00e0 Mila sur sa maladie r\u00e9nale<br \/>En vente en allemand, fran\u00e7ais et anglais<br \/><em>Swantje vonKammerecker<\/em><br \/><strong>ISBN: 978-3-03893-117-1<\/strong><\/p>\n<p>Geschwister chronisch kranker Kinder st\u00e4rken. Das Programm \u201cStark und Fit mit Piet\u201d.<em><br \/>Silke Seiffert.<br \/><\/em><strong>ISBN: 978-3-8382-1058-2<\/strong><\/p>\n<p>Geschwister von chronisch kranken Kindern und Jugendlichen: Erleben und Bew\u00e4ltigungshandeln.<br \/><em>Christiane Knecht.<br \/><\/em><strong>ISBN: 978-3-658-20995-7<\/strong><\/p>\n<p>[\/et_pb_toggle][et_pb_toggle title=&#8221;Make-A-Wish Switzerland&#8221; icon_color=&#8221;#B61650&#8243; toggle_icon=&#8221;&#x4c;||divi||400&#8243; use_icon_font_size=&#8221;on&#8221; icon_font_size=&#8221;40px&#8221; open_icon_color=&#8221;#B61650&#8243; open_toggle_icon=&#8221;&#x4b;||divi||400&#8243; open_use_icon_font_size=&#8221;on&#8221; open_icon_font_size=&#8221;40px&#8221; disabled_on=&#8221;on|on|on&#8221; admin_label=&#8221;Make-A-Wish Switzerland&#8221; _builder_version=&#8221;4.19.4&#8243; _module_preset=&#8221;default&#8221; title_level=&#8221;h3&#8243; title_font=&#8221;Rasa||||||||&#8221; title_font_size=&#8221;25px&#8221; custom_css_open_toggle=&#8221;content: %22%92e04b%22;&#8221; border_width_all=&#8221;0px&#8221; border_width_bottom=&#8221;1px&#8221; border_color_bottom=&#8221;#B61650&#8243; disabled=&#8221;on&#8221; global_colors_info=&#8221;{}&#8221;]<\/p>\n<p><strong><span lang=\"FR\">Make-A-Wish Switzerland\u00a0<\/span><\/strong><span lang=\"FR\">r\u00e9alise\u00a0des voeux qui changent la vie d\u2019enfants atteints d\u2019une maladie grave.<\/span><\/p>\n<p><span lang=\"FR\"> <\/span><span lang=\"FR\"><a href=\"https:\/\/makeawish.ch\/fr\/\" target=\"_blank\" rel=\"noopener\">https:\/\/makeawish.ch\/fr\/<\/a><\/span><\/p>\n<p>[\/et_pb_toggle][\/et_pb_column][\/et_pb_row][\/et_pb_section][et_pb_section fb_built=&#8221;1&#8243; _builder_version=&#8221;4.19.4&#8243; _module_preset=&#8221;default&#8221; background_enable_image=&#8221;off&#8221; background_size=&#8221;custom&#8221; background_image_height=&#8221;141%&#8221; background_position=&#8221;top_left&#8221; custom_padding=&#8221;2px||2px|||&#8221; global_colors_info=&#8221;{}&#8221;][et_pb_row column_structure=&#8221;1_2,1_2&#8243; _builder_version=&#8221;4.19.4&#8243; _module_preset=&#8221;default&#8221; background_enable_image=&#8221;off&#8221; custom_padding=&#8221;31px|||||&#8221; global_colors_info=&#8221;{}&#8221;][et_pb_column type=&#8221;1_2&#8243; _builder_version=&#8221;4.19.4&#8243; _module_preset=&#8221;default&#8221; background_enable_image=&#8221;off&#8221; background_position=&#8221;top_left&#8221; global_colors_info=&#8221;{}&#8221;][et_pb_image src=&#8221;https:\/\/www.nierenstiftung.ch\/new\/wp-content\/uploads\/2023\/01\/kinderniere2.jpg&#8221; title_text=&#8221;kinderniere2&#8243; admin_label=&#8221;image Schweizer Lager f\u00fcr nierenkranke Kinder&#8221; _builder_version=&#8221;4.19.4&#8243; _module_preset=&#8221;default&#8221; global_colors_info=&#8221;{}&#8221;][\/et_pb_image][\/et_pb_column][et_pb_column type=&#8221;1_2&#8243; _builder_version=&#8221;4.19.4&#8243; _module_preset=&#8221;default&#8221; background_color=&#8221;RGBA(255,255,255,0)&#8221; background_enable_image=&#8221;off&#8221; global_colors_info=&#8221;{}&#8221;][et_pb_cta title=&#8221;Camp suisse pour enfants atteints de maladies r\u00e9nales&#8221; admin_label=&#8221;Schweizer Lager f\u00fcr nierenkranke Kinder+button&#8221; _builder_version=&#8221;4.19.4&#8243; _module_preset=&#8221;default&#8221; header_text_align=&#8221;left&#8221; header_text_color=&#8221;#EE7203&#8243; header_font_size=&#8221;48px&#8221; body_text_align=&#8221;left&#8221; body_text_color=&#8221;#000000&#8243; background_color=&#8221;RGBA(255,255,255,0)&#8221; custom_padding=&#8221;0px|||||&#8221; header_font_size_tablet=&#8221;48px&#8221; header_font_size_phone=&#8221;40px&#8221; header_font_size_last_edited=&#8221;on|phone&#8221; global_colors_info=&#8221;{}&#8221;]<\/p>\n<p>C\u2019est il y a plus de trente ans que le premier camp de vacances d\u00e9di\u00e9 aux enfants atteints de maladies r\u00e9nales ainsi qu\u2019\u00e0 leurs fr\u00e8res et s\u0153urs a eu lieu en Suisse.<\/p>\n<p style=\"text-align: left;\">Depuis toujours, ce camp est organis\u00e9 par le service des maladies r\u00e9nales de l\u2019h\u00f4pital p\u00e9diatrique de Zurich. Gr\u00e2ce \u00e0 ce camp d\u2019\u00e9t\u00e9, les enfants et adolescents malades ont la possibilit\u00e9 d\u2019\u00e9changer leurs exp\u00e9riences et leurs familles sont soulag\u00e9es pendant une semaine.<\/p>\n<p>[\/et_pb_cta][\/et_pb_column][\/et_pb_row][\/et_pb_section][et_pb_section fb_built=&#8221;1&#8243; _builder_version=&#8221;4.19.4&#8243; _module_preset=&#8221;default&#8221; background_color=&#8221;#EE7203&#8243; custom_padding=&#8221;18px||2px|||&#8221; global_colors_info=&#8221;{}&#8221;][et_pb_row _builder_version=&#8221;4.19.4&#8243; _module_preset=&#8221;default&#8221; custom_margin=&#8221;-13px|auto||auto||&#8221; global_colors_info=&#8221;{}&#8221;][et_pb_column type=&#8221;4_4&#8243; _builder_version=&#8221;4.19.4&#8243; _module_preset=&#8221;default&#8221; global_colors_info=&#8221;{}&#8221;][et_pb_text admin_label=&#8221;\u00abSich auch an kleinen Schritten zu erfreuen, hilft den Fokus auf dem Positiven zu halten.\u00bb&#8221; _builder_version=&#8221;4.19.4&#8243; _module_preset=&#8221;default&#8221; text_font=&#8221;Rasa||||||||&#8221; text_text_color=&#8221;#FFFFFF&#8221; text_font_size=&#8221;46px&#8221; text_line_height=&#8221;1em&#8221; text_orientation=&#8221;center&#8221; global_colors_info=&#8221;{}&#8221;]<\/p>\n<p>\u00abSe r\u00e9jouir de petits progr\u00e8s \u00e9galement <br \/>aide \u00e0 ne pas perdre de vue ce qui est positif.\u00bb<\/p>\n<p>[\/et_pb_text][et_pb_text admin_label=&#8221;Sabine Herzig, Mitglied Stiftungsrat&#8221; _builder_version=&#8221;4.19.4&#8243; _module_preset=&#8221;default&#8221; text_text_color=&#8221;#FFFFFF&#8221; text_orientation=&#8221;center&#8221; global_colors_info=&#8221;{}&#8221;]<\/p>\n<p>Sabine Herzig, Membre du Conseil de Fondation<\/p>\n<p>[\/et_pb_text][\/et_pb_column][\/et_pb_row][\/et_pb_section][et_pb_section fb_built=&#8221;1&#8243; _builder_version=&#8221;4.19.4&#8243; _module_preset=&#8221;default&#8221; custom_padding=&#8221;4px||24px|||&#8221; global_module=&#8221;541&#8243; global_colors_info=&#8221;{}&#8221;][et_pb_row column_structure=&#8221;3_4,1_4&#8243; _builder_version=&#8221;4.19.4&#8243; _module_preset=&#8221;default&#8221; global_colors_info=&#8221;{}&#8221;][et_pb_column type=&#8221;3_4&#8243; _builder_version=&#8221;4.19.4&#8243; _module_preset=&#8221;default&#8221; global_colors_info=&#8221;{}&#8221;][et_pb_code _builder_version=&#8221;4.19.4&#8243; _module_preset=&#8221;default&#8221; global_colors_info=&#8221;{}&#8221;]<\/p>\n<div style=\"font-size:19px;padding-top:35px;text-align:right;\" id=\"vnps\"><\/div>\n<p><!-- [et_pb_line_break_holder] --><script><!-- [et_pb_line_break_holder] -->var lang = document.getElementsByTagName(\"html\")[0].getAttribute(\"lang\").substr(3);<!-- [et_pb_line_break_holder] --><!-- [et_pb_line_break_holder] -->switch(lang) {<!-- [et_pb_line_break_holder] -->  case \"DE\":<!-- [et_pb_line_break_holder] -->  document.getElementById(\"vnps\").innerHTML = \"Gemeinsam unterwegs mit dem Verband Nierenpatienten Schweiz (VNPS)\";      <!-- [et_pb_line_break_holder] --><!-- [et_pb_line_break_holder] -->    break;<!-- [et_pb_line_break_holder] -->  case \"IT\":<!-- [et_pb_line_break_holder] -->  document.getElementById(\"vnps\").innerHTML = \"Sulla strada insieme con l\u2019Associazione svizzera per pazienti d\u2019insufficienza renale (ASPIR)\";<!-- [et_pb_line_break_holder] --><!-- [et_pb_line_break_holder] -->    break;<!-- [et_pb_line_break_holder] -->  case \"GB\":<!-- [et_pb_line_break_holder] -->document.getElementById(\"vnps\").innerHTML = \"Together on the road with the Swiss Kidney Patients Association (SKPA)\";<!-- [et_pb_line_break_holder] --><!-- [et_pb_line_break_holder] -->    break;<!-- [et_pb_line_break_holder] -->\tcase \"FR\":<!-- [et_pb_line_break_holder] -->  document.getElementById(\"vnps\").innerHTML = \"En route ensemble avec la Soci\u00e9t\u00e9 suisse des patients insuffisants r\u00e9naux (SSPIR)\";<!-- [et_pb_line_break_holder] --><!-- [et_pb_line_break_holder] -->    break;<!-- [et_pb_line_break_holder] -->  default:<!-- [et_pb_line_break_holder] --><!-- [et_pb_line_break_holder] -->\tdocument.getElementById(\"vnps\").innerHTML = \"Gemeinsam unterwegs mit dem Verband Nierenpatienten Schweiz (VNPS)\";<!-- [et_pb_line_break_holder] --><!-- [et_pb_line_break_holder] -->}<!-- [et_pb_line_break_holder] --> <!-- [et_pb_line_break_holder] --><\/script>[\/et_pb_code][\/et_pb_column][et_pb_column type=&#8221;1_4&#8243; _builder_version=&#8221;4.19.4&#8243; _module_preset=&#8221;default&#8221; global_colors_info=&#8221;{}&#8221;][et_pb_image src=&#8221;https:\/\/www.nierenstiftung.ch\/new\/wp-content\/uploads\/2022\/12\/Logo_VNPS_klein2.jpg&#8221; title_text=&#8221;Logo_VNPS_klein2&#8243; url=&#8221;https:\/\/nierenpatienten.ch\/&#8221; url_new_window=&#8221;on&#8221; _builder_version=&#8221;4.19.4&#8243; _module_preset=&#8221;default&#8221; max_height=&#8221;80px&#8221; global_colors_info=&#8221;{}&#8221;][\/et_pb_image][\/et_pb_column][\/et_pb_row][\/et_pb_section]<\/p>\n","protected":false},"excerpt":{"rendered":"<p>Le rein chez l\u2019enfantChers enfants, chers parents, chers int\u00e9ress\u00e9s Chez l\u2019enfant, les reins remplissent les m\u00eames fonctions que chez l\u2019adulte. Il existe cependant chez l\u2019enfant certaines diff\u00e9rences et particularit\u00e9s. Une bonne fonction r\u00e9nale est par exemple tr\u00e8s importante pour une bonne croissance. \u2026.Quand soudain un probl\u00e8me survient \u2026.. Pour les enfants souffrant d\u2019une maladie r\u00e9nale, [&hellip;]<\/p>\n","protected":false},"author":1,"featured_media":0,"parent":0,"menu_order":0,"comment_status":"closed","ping_status":"closed","template":"","meta":{"_et_pb_use_builder":"on","_et_pb_old_content":"","_et_gb_content_width":"","footnotes":"","_links_to":"","_links_to_target":""},"class_list":["post-1259","page","type-page","status-publish","hentry"],"_links":{"self":[{"href":"https:\/\/www.nierenstiftung.ch\/new\/wp-json\/wp\/v2\/pages\/1259","targetHints":{"allow":["GET"]}}],"collection":[{"href":"https:\/\/www.nierenstiftung.ch\/new\/wp-json\/wp\/v2\/pages"}],"about":[{"href":"https:\/\/www.nierenstiftung.ch\/new\/wp-json\/wp\/v2\/types\/page"}],"author":[{"embeddable":true,"href":"https:\/\/www.nierenstiftung.ch\/new\/wp-json\/wp\/v2\/users\/1"}],"replies":[{"embeddable":true,"href":"https:\/\/www.nierenstiftung.ch\/new\/wp-json\/wp\/v2\/comments?post=1259"}],"version-history":[{"count":2,"href":"https:\/\/www.nierenstiftung.ch\/new\/wp-json\/wp\/v2\/pages\/1259\/revisions"}],"predecessor-version":[{"id":4384,"href":"https:\/\/www.nierenstiftung.ch\/new\/wp-json\/wp\/v2\/pages\/1259\/revisions\/4384"}],"wp:attachment":[{"href":"https:\/\/www.nierenstiftung.ch\/new\/wp-json\/wp\/v2\/media?parent=1259"}],"curies":[{"name":"wp","href":"https:\/\/api.w.org\/{rel}","templated":true}]}}