
{"id":1075,"date":"2023-07-03T16:10:11","date_gmt":"2023-07-03T16:10:11","guid":{"rendered":"https:\/\/www.nierenstiftung.ch\/new\/?page_id=1075"},"modified":"2025-12-19T10:43:20","modified_gmt":"2025-12-19T10:43:20","slug":"consiglio-di-fondazione","status":"publish","type":"page","link":"https:\/\/www.nierenstiftung.ch\/new\/it\/consiglio-di-fondazione\/","title":{"rendered":"Consiglio di Fondazione"},"content":{"rendered":"<p>[et_pb_section fb_built=&#8221;1&#8243; fullwidth=&#8221;on&#8221; _builder_version=&#8221;4.19.4&#8243; _module_preset=&#8221;default&#8221; global_colors_info=&#8221;{}&#8221;][et_pb_fullwidth_slider admin_label=&#8221;Slide&#8221; _builder_version=&#8221;4.19.4&#8243; _module_preset=&#8221;default&#8221; custom_button=&#8221;on&#8221; button_bg_color=&#8221;#b61650&#8243; button_border_color=&#8221;RGBA(255,255,255,0)&#8221; button_border_radius=&#8221;0px&#8221; button_custom_margin=&#8221;||||false|false&#8221; button_custom_padding=&#8221;|250px|||false|false&#8221; text_orientation=&#8221;right&#8221; content_width=&#8221;100%&#8221; content_max_width=&#8221;1280px&#8221; custom_margin=&#8221;|-50px|||false|false&#8221; custom_padding=&#8221;||400px||false|false&#8221; custom_css_slide_button=&#8221;top:50px&#8221; global_colors_info=&#8221;{}&#8221;][et_pb_slide button_text=&#8221;Fare una donazione&#8221; button_link=&#8221;@ET-DC@eyJkeW5hbWljIjp0cnVlLCJjb250ZW50IjoicG9zdF9saW5rX3VybF9wYWdlIiwic2V0dGluZ3MiOnsicG9zdF9pZCI6IjExMTQifX0=@&#8221; _builder_version=&#8221;4.19.4&#8243; _dynamic_attributes=&#8221;button_link&#8221; _module_preset=&#8221;default&#8221; background_image=&#8221;https:\/\/www.nierenstiftung.ch\/new\/wp-content\/uploads\/2023\/07\/team.jpg&#8221; background_enable_image=&#8221;on&#8221; custom_button=&#8221;on&#8221; button_bg_color=&#8221;#b61650&#8243; button_border_color=&#8221;RGBA(255,255,255,0)&#8221; button_alignment=&#8221;right&#8221; global_colors_info=&#8221;{}&#8221; sticky_transition=&#8221;on&#8221;][\/et_pb_slide][\/et_pb_fullwidth_slider][\/et_pb_section][et_pb_section fb_built=&#8221;1&#8243; _builder_version=&#8221;4.19.4&#8243; _module_preset=&#8221;default&#8221; background_color=&#8221;#FFFFFF&#8221; custom_padding=&#8221;26px||50px|||&#8221; global_colors_info=&#8221;{}&#8221;][et_pb_row _builder_version=&#8221;4.19.4&#8243; _module_preset=&#8221;default&#8221; custom_margin=&#8221;|auto|44px|auto|false|false&#8221; custom_padding=&#8221;||1px|||&#8221; global_colors_info=&#8221;{}&#8221;][et_pb_column type=&#8221;4_4&#8243; _builder_version=&#8221;4.19.4&#8243; _module_preset=&#8221;default&#8221; global_colors_info=&#8221;{}&#8221;][et_pb_text admin_label=&#8221;Der Stiftungsrat&#8221; _builder_version=&#8221;4.19.4&#8243; _module_preset=&#8221;default&#8221; text_text_color=&#8221;#EE7203&#8243; text_font_size=&#8221;64px&#8221; text_line_height=&#8221;1.3em&#8221; text_font_size_tablet=&#8221;64px&#8221; text_font_size_phone=&#8221;43px&#8221; text_font_size_last_edited=&#8221;on|phone&#8221; global_colors_info=&#8221;{}&#8221;]<\/p>\n<p>Il Consiglio di Fondazione<\/p>\n<p>[\/et_pb_text][\/et_pb_column][\/et_pb_row][et_pb_row _builder_version=&#8221;4.19.4&#8243; _module_preset=&#8221;default&#8221; custom_margin=&#8221;-48px|auto||auto||&#8221; custom_padding=&#8221;||1px|||&#8221; global_colors_info=&#8221;{}&#8221;][et_pb_column type=&#8221;4_4&#8243; _builder_version=&#8221;4.19.4&#8243; _module_preset=&#8221;default&#8221; global_colors_info=&#8221;{}&#8221;][et_pb_text admin_label=&#8221;text: Der derzeitige Stiftungsrat setzt sich aus&#8230;&#8221; _builder_version=&#8221;4.19.4&#8243; _module_preset=&#8221;default&#8221; custom_margin=&#8221;||||false|false&#8221; hover_enabled=&#8221;0&#8243; global_colors_info=&#8221;{}&#8221; sticky_enabled=&#8221;0&#8243;]<\/p>\n<p>L&#8217;attuale Consiglio di Fondazione \u00e8 composto da 10 membri provenienti dal settore sanitario e da un membro legale con funzioni consultive in materia giuridica.<\/p>\n<p>Insieme contribuiscono con grande esperienza e competenza a sostenere la Fondazione svizzera del rene nel suo impegno a favore della salute.<\/p>\n<p>[\/et_pb_text][\/et_pb_column][\/et_pb_row][\/et_pb_section][et_pb_section fb_built=&#8221;1&#8243; _builder_version=&#8221;4.19.4&#8243; _module_preset=&#8221;default&#8221; background_color=&#8221;#f3f3f3&#8243; global_colors_info=&#8221;{}&#8221;][et_pb_row use_custom_gutter=&#8221;on&#8221; make_equal=&#8221;on&#8221; _builder_version=&#8221;4.19.4&#8243; _module_preset=&#8221;default&#8221; module_alignment=&#8221;center&#8221; global_colors_info=&#8221;{}&#8221;][et_pb_column type=&#8221;4_4&#8243; _builder_version=&#8221;4.19.4&#8243; _module_preset=&#8221;default&#8221; global_colors_info=&#8221;{}&#8221;][et_pb_text admin_label=&#8221;Stiftungsratsmitglieder&#8221; _builder_version=&#8221;4.19.4&#8243; _module_preset=&#8221;default&#8221; text_text_color=&#8221;#B61650&#8243; text_font_size=&#8221;43px&#8221; text_line_height=&#8221;1.2em&#8221; global_colors_info=&#8221;{}&#8221;]<\/p>\n<p>Consiglio di fondazione<\/p>\n<p>[\/et_pb_text][\/et_pb_column][\/et_pb_row][et_pb_row _builder_version=&#8221;4.19.4&#8243; _module_preset=&#8221;default&#8221; locked=&#8221;off&#8221; global_colors_info=&#8221;{}&#8221;][et_pb_column type=&#8221;4_4&#8243; _builder_version=&#8221;4.19.4&#8243; _module_preset=&#8221;default&#8221; global_colors_info=&#8221;{}&#8221;][et_pb_toggle title=&#8221;Olivier Bonny&#8221; open_toggle_background_color=&#8221;RGBA(255,255,255,0)&#8221; closed_toggle_background_color=&#8221;RGBA(255,255,255,0)&#8221; icon_color=&#8221;#B61650&#8243; toggle_icon=&#8221;&#x4c;||divi||400&#8243; use_icon_font_size=&#8221;on&#8221; icon_font_size=&#8221;40px&#8221; open_icon_color=&#8221;#B61650&#8243; open_toggle_icon=&#8221;&#x4b;||divi||400&#8243; open_use_icon_font_size=&#8221;on&#8221; open_icon_font_size=&#8221;40px&#8221; admin_label=&#8221;Olivier Bonny&#8221; _builder_version=&#8221;4.19.4&#8243; _module_preset=&#8221;default&#8221; title_font=&#8221;Rasa||||||||&#8221; title_font_size=&#8221;32px&#8221; background_image=&#8221;https:\/\/www.nierenstiftung.ch\/new\/wp-content\/uploads\/2023\/07\/olivier_2023-150&#215;150.jpg&#8221; background_size=&#8221;initial&#8221; background_position=&#8221;top_left&#8221; custom_margin=&#8221;||||false|false&#8221; custom_padding=&#8221;|||170px|false|false&#8221; custom_padding_tablet=&#8221;|||170px|false|false&#8221; custom_padding_phone=&#8221;170px|||0px|false|false&#8221; custom_padding_last_edited=&#8221;on|phone&#8221; custom_css_before=&#8221;content:&#8217;Presidente&#8217;;||font-size: 14px;||margin-bottom: 5px;||display: block;&#8221; custom_css_after=&#8221;content:&#8217;Friburgo&#8217;;||font-size: 14px;||margin-bottom: 5px;||display: block;&#8221; border_width_all=&#8221;0px&#8221; border_width_bottom=&#8221;1px&#8221; border_color_bottom=&#8221;#B61650&#8243; global_colors_info=&#8221;{}&#8221;]<\/p>\n<div style=\"overflow-x: auto;\">\n<table style=\"width: 100%;\" width=\"100%\">\n<tbody>\n<tr>\n<td style=\"width: 31.497%;\">Titolo<\/td>\n<td style=\"width: 67.6647%;\">Prof. Dr med Dr phil nat<\/td>\n<\/tr>\n<tr>\n<td style=\"width: 31.497%;\">Nome<\/td>\n<td style=\"width: 67.6647%;\">Olivier<\/td>\n<\/tr>\n<tr>\n<td style=\"width: 31.497%;\">Cognome<\/td>\n<td style=\"width: 67.6647%;\">Bonny<\/td>\n<\/tr>\n<tr>\n<td style=\"width: 31.497%;\">Data di nascita<\/td>\n<td style=\"width: 67.6647%;\">1969<\/td>\n<\/tr>\n<tr>\n<td style=\"width: 31.497%;\">Esperienze nel campo o principali attivit\u00e0<\/td>\n<td style=\"width: 67.6647%;\">\n<ul>\n<li>Ricerca di base sulle malattie renali (calcoli renali).<\/li>\n<li>Assistenza di lunga durata di persone affette da malattie renali<\/li>\n<\/ul>\n<\/td>\n<\/tr>\n<tr>\n<td style=\"width: 31.497%;\">Attivit\u00e0 precedenti, se sostanziali<\/td>\n<td style=\"width: 67.6647%;\">Segretario e Presidente, Societ\u00e0 Svizzera di Nefrologia<\/td>\n<\/tr>\n<tr>\n<td style=\"width: 31.497%;\">Attivit\u00e0 attuali<\/td>\n<td style=\"width: 67.6647%;\">Capo del Servizio di Nefrologia, HFR, Friburgo<\/td>\n<\/tr>\n<tr>\n<td style=\"width: 31.497%;\">Attivit\u00e0 di volontariato<\/td>\n<td style=\"width: 67.6647%;\">\n<p>Attualmente nessuna<\/p>\n<\/td>\n<\/tr>\n<tr>\n<td style=\"width: 31.497%;\">Funzione\/rappresentanza nel Consiglio della Fondazione Svizzera del Rene (FSR)<\/td>\n<td style=\"width: 67.6647%;\">Presidente<\/td>\n<\/tr>\n<tr>\n<td style=\"width: 31.497%;\">Funzione nella Societ\u00e0 Svizzera di Nefrologia (SSN)<\/td>\n<td style=\"width: 67.6647%;\">Membro SSN<\/td>\n<\/tr>\n<tr>\n<td style=\"width: 31.497%;\">Citazione<\/td>\n<td style=\"width: 67.6647%;\"><em>&#8220;Da soli si va pi\u00f9 veloce, insieme pi\u00f9 lontano.&#8221;<\/em><\/td>\n<\/tr>\n<\/tbody>\n<\/table>\n<\/div>\n<p>[\/et_pb_toggle][et_pb_toggle title=&#8221;Sibylle Tschumi&#8221; open_toggle_background_color=&#8221;RGBA(255,255,255,0)&#8221; closed_toggle_background_color=&#8221;RGBA(255,255,255,0)&#8221; icon_color=&#8221;#B61650&#8243; toggle_icon=&#8221;&#x4c;||divi||400&#8243; use_icon_font_size=&#8221;on&#8221; icon_font_size=&#8221;40px&#8221; open_icon_color=&#8221;#B61650&#8243; open_toggle_icon=&#8221;&#x4b;||divi||400&#8243; open_use_icon_font_size=&#8221;on&#8221; open_icon_font_size=&#8221;40px&#8221; admin_label=&#8221;Sibylle Tschumi&#8221; _builder_version=&#8221;4.19.4&#8243; _module_preset=&#8221;default&#8221; title_font=&#8221;Rasa||||||||&#8221; title_font_size=&#8221;32px&#8221; background_image=&#8221;https:\/\/www.nierenstiftung.ch\/new\/wp-content\/uploads\/2023\/07\/sibylle_2023-150&#215;150.jpg&#8221; background_size=&#8221;initial&#8221; background_position=&#8221;top_left&#8221; custom_margin=&#8221;||||false|false&#8221; custom_padding=&#8221;|||170px|false|false&#8221; custom_padding_tablet=&#8221;|||170px|false|false&#8221; custom_padding_phone=&#8221;170px|||0px|false|false&#8221; custom_padding_last_edited=&#8221;on|phone&#8221; custom_css_before=&#8221;content:&#8217;Vice Presidente&#8217;;||font-size: 14px;||margin-bottom: 5px;||display: block;&#8221; custom_css_after=&#8221;content:&#8217;Berna&#8217;;||font-size: 14px;||margin-bottom: 5px;||display: block;&#8221; border_width_all=&#8221;0px&#8221; border_width_bottom=&#8221;1px&#8221; border_color_bottom=&#8221;#B61650&#8243; global_colors_info=&#8221;{}&#8221;]<\/p>\n<div style=\"overflow-x: auto;\">\n<table style=\"width: 100%;\" width=\"100%\">\n<tbody>\n<tr>\n<td style=\"width: 31.3772%;\">Nome<\/td>\n<td style=\"width: 67.7844%;\">Sibylle<\/td>\n<\/tr>\n<tr>\n<td style=\"width: 31.3772%;\">Cognome<\/td>\n<td style=\"width: 67.7844%;\">Tschumi<\/td>\n<\/tr>\n<tr>\n<td style=\"width: 31.3772%;\">Data di nascita<\/td>\n<td style=\"width: 67.7844%;\">1976<\/td>\n<\/tr>\n<tr>\n<td style=\"width: 31.3772%;\">Esperienze nel campo o principali attivit\u00e0<\/td>\n<td style=\"width: 67.7844%;\">Medicina pediatrica e dell\u2019adolescenza, con particolare accento sulla nefrologia pediatrica<\/td>\n<\/tr>\n<tr>\n<td style=\"width: 31.3772%;\">Attivit\u00e0 attuali<\/td>\n<td style=\"width: 67.7844%;\">Capo del reparto di nefrologia infantile all\u2019Inselspital di Berna<\/td>\n<\/tr>\n<tr>\n<td style=\"width: 31.3772%;\">Attivit\u00e0 di volontariato<\/td>\n<td style=\"width: 67.7844%;\">Attualmente nessuna<\/td>\n<\/tr>\n<tr>\n<td style=\"width: 31.3772%;\">Funzione\/rappresentanza nel Consiglio della Fondazione Svizzera del Rene (FSR)<\/td>\n<td style=\"width: 67.7844%;\">Vice-Presidente<br \/>Rappresentanza Nefrologia pediatrica<\/td>\n<\/tr>\n<tr>\n<td style=\"width: 31.3772%;\">Funzione nella Societ\u00e0 Svizzera di Nefrologia (SSN)<\/td>\n<td style=\"width: 67.7844%;\">Membro de la SSN<\/td>\n<\/tr>\n<tr>\n<td style=\"width: 31.3772%;\">Citazione<\/td>\n<td style=\"width: 67.7844%;\"><em>&#8220;Ogni giorno una piccola passeggiata con la famiglia e gli amici mi rafforza.&#8221;<\/em><\/td>\n<\/tr>\n<\/tbody>\n<\/table>\n<\/div>\n<p>[\/et_pb_toggle][et_pb_toggle title=&#8221;Fran\u00e7ois Verrey&#8221; open_toggle_background_color=&#8221;RGBA(255,255,255,0)&#8221; closed_toggle_background_color=&#8221;RGBA(255,255,255,0)&#8221; icon_color=&#8221;#B61650&#8243; toggle_icon=&#8221;&#x4c;||divi||400&#8243; use_icon_font_size=&#8221;on&#8221; icon_font_size=&#8221;40px&#8221; open_icon_color=&#8221;#B61650&#8243; open_toggle_icon=&#8221;&#x4b;||divi||400&#8243; open_use_icon_font_size=&#8221;on&#8221; open_icon_font_size=&#8221;40px&#8221; admin_label=&#8221;Fran\u00e7ois Verrey&#8221; _builder_version=&#8221;4.19.4&#8243; _module_preset=&#8221;default&#8221; title_font=&#8221;Rasa||||||||&#8221; title_font_size=&#8221;32px&#8221; background_image=&#8221;https:\/\/www.nierenstiftung.ch\/new\/wp-content\/uploads\/2023\/07\/francois_2023-150&#215;150.jpg&#8221; background_size=&#8221;initial&#8221; background_position=&#8221;top_left&#8221; custom_margin=&#8221;||||false|false&#8221; custom_padding=&#8221;|||170px|false|false&#8221; custom_padding_tablet=&#8221;|||170px|false|false&#8221; custom_padding_phone=&#8221;170px|||0px|false|false&#8221; custom_padding_last_edited=&#8221;on|phone&#8221; custom_css_before=&#8221;content:&#8217;Prof. em. Dr. med.&#8217;;||font-size: 14px;||margin-bottom: 5px;||display: block;&#8221; custom_css_after=&#8221;content:&#8217;Zurigo&#8217;;||font-size: 14px;||margin-bottom: 5px;||display: block;&#8221; border_width_all=&#8221;0px&#8221; border_width_bottom=&#8221;1px&#8221; border_color_bottom=&#8221;#B61650&#8243; global_colors_info=&#8221;{}&#8221;]<\/p>\n<div style=\"overflow-x: auto;\">\n<table style=\"width: 100%;\" width=\"100%\">\n<tbody>\n<tr>\n<td style=\"width: 18.2036%;\">Nome<\/td>\n<td style=\"width: 80.958%;\">Fran\u00e7ois<\/td>\n<\/tr>\n<tr>\n<td style=\"width: 18.2036%;\">Cognome<\/td>\n<td style=\"width: 80.958%;\">Verrey<\/td>\n<\/tr>\n<tr>\n<td style=\"width: 18.2036%;\">Data di nascita<\/td>\n<td style=\"width: 80.958%;\">1954<\/td>\n<\/tr>\n<tr>\n<td style=\"width: 18.2036%;\">Esperienze nel campo o principali attivit\u00e0<\/td>\n<td style=\"width: 80.958%;\">Dopo alcuni anni come medico, anche in nefrologia, ha lavorato per molti anni come docente di fisiologia e ricercatore (professore all&#8217;UZH) nel campo della fisiologia epiteliale, in particolare del trasporto di sale e aminoacidi nei reni.<\/td>\n<\/tr>\n<tr>\n<td style=\"width: 18.2036%;\">Attivit\u00e0 precedenti, se essenziali<\/td>\n<td style=\"width: 80.958%;\">Direttore del Centro nazionale di competenza nella ricerca (NCCR) Kidney.CH, Direttore dell\u2019Istituto di Fisiologia dell\u2019Universit\u00e0 di Zurigo, Presidente della Societ\u00e0 Svizzera di Nefrologia e della Societ\u00e0 Svizzera di Fisiologia.<\/td>\n<\/tr>\n<tr>\n<td style=\"width: 18.2036%;\">Attivit\u00e0 attuali<\/td>\n<td style=\"width: 80.958%;\">In qualit\u00e0 di Prof. emerito, \u00e8 attivo anche per altre fondazioni: Membro del consiglio di amministrazione e segretario della Health Sciences e-Training (HSeT) Foundation, responsabile del programma di formazione continua &#8220;Translational Nephrology&#8221; (CAS\/DAS dell&#8217;UZH e Unibe), presidente della giuria dei premi per la ricerca medica traslazionale della Fondation Leenaards.<\/td>\n<\/tr>\n<tr>\n<td style=\"width: 18.2036%;\">Attivit\u00e0 di volontariato<\/td>\n<td style=\"width: 80.958%;\">\n<ul>\n<li>Responsabile del CAS\/DAS &#8220;Nefrologia traslazionale&#8221; (UZH, Unibe, ZKC, HSeT)<\/li>\n<li>Membro e segretario del Consiglio di fondazione e del Comitato esecutivo della Fondazione HSeT<\/li>\n<\/ul>\n<\/td>\n<\/tr>\n<tr>\n<td style=\"width: 18.2036%;\" width=\"369\">Funzione\/rappresentanza nel Consiglio della Fondazione Svizzera del Rene (FSR)<\/td>\n<td style=\"width: 80.958%;\" width=\"369\">Membro del Consiglio di Fondazione<\/td>\n<\/tr>\n<tr>\n<td style=\"width: 18.2036%;\">Funzione nella Societ\u00e0 Svizzera di Nefrologia (SSN)<\/td>\n<td style=\"width: 80.958%;\">Membro SSN in pensione<\/td>\n<\/tr>\n<tr>\n<td style=\"width: 18.2036%;\">Citazione<\/td>\n<td style=\"width: 80.958%;\"><em>&#8220;La gioia per la natura e la vita in un equilibrio dinamico fa bene alla salute!&#8221;<\/em><\/td>\n<\/tr>\n<\/tbody>\n<\/table>\n<\/div>\n<p>[\/et_pb_toggle][et_pb_toggle title=&#8221;Pietro Cipp\u00e0&#8221; open_toggle_background_color=&#8221;RGBA(255,255,255,0)&#8221; closed_toggle_background_color=&#8221;RGBA(255,255,255,0)&#8221; icon_color=&#8221;#B61650&#8243; toggle_icon=&#8221;&#x4c;||divi||400&#8243; use_icon_font_size=&#8221;on&#8221; icon_font_size=&#8221;40px&#8221; open_icon_color=&#8221;#B61650&#8243; open_toggle_icon=&#8221;&#x4b;||divi||400&#8243; open_use_icon_font_size=&#8221;on&#8221; open_icon_font_size=&#8221;40px&#8221; admin_label=&#8221;Pietro Cipp\u00e0&#8221; _builder_version=&#8221;4.19.4&#8243; _module_preset=&#8221;default&#8221; title_font=&#8221;Rasa||||||||&#8221; title_font_size=&#8221;32px&#8221; background_image=&#8221;https:\/\/www.nierenstiftung.ch\/new\/wp-content\/uploads\/2023\/07\/pietro_2023-150&#215;150.jpg&#8221; background_size=&#8221;initial&#8221; background_position=&#8221;top_left&#8221; custom_margin=&#8221;||||false|false&#8221; custom_padding=&#8221;|||170px|false|false&#8221; custom_padding_tablet=&#8221;|||170px|false|false&#8221; custom_padding_phone=&#8221;170px|||0px|false|false&#8221; custom_padding_last_edited=&#8221;on|phone&#8221; custom_css_before=&#8221;content:&#8217;Prof. Dr. med. Dr. sc. nat.&#8217;;||font-size: 14px;||margin-bottom: 5px;||display: block;&#8221; custom_css_after=&#8221;content:&#8217;Basel&#8217;;||font-size: 14px;||margin-bottom: 5px;||display: block;&#8221; border_width_all=&#8221;0px&#8221; border_width_bottom=&#8221;1px&#8221; border_color_bottom=&#8221;#B61650&#8243; global_colors_info=&#8221;{}&#8221;]<\/p>\n<div style=\"overflow-x: auto;\">\n<table style=\"width: 100%;\" width=\"100%\">\n<tbody>\n<tr>\n<td style=\"width: 23.5928%;\">Nome<\/td>\n<td style=\"width: 75.5689%;\">Pietro<\/td>\n<\/tr>\n<tr>\n<td style=\"width: 23.5928%;\">Cognome<\/td>\n<td style=\"width: 75.5689%;\">Cipp\u00e0<\/td>\n<\/tr>\n<tr>\n<td style=\"width: 23.5928%;\">Data di nascita<\/td>\n<td style=\"width: 75.5689%;\">1982<\/td>\n<\/tr>\n<tr>\n<td style=\"width: 23.5928%;\">Esperienze nel campo o principali attivit\u00e0<\/td>\n<td style=\"width: 75.5689%;\">Nefrologo clinico, ricercatore di base<\/td>\n<\/tr>\n<tr>\n<td style=\"width: 23.5928%;\">Attivit\u00e0 precedenti, se essenziali<\/td>\n<td style=\"width: 75.5689%;\">\n<ul>\n<li>Primario di Nefrologia, Ente Ospedaliero Cantonale, Lugano<\/li>\n<li>MD\/PhD Nefrologia e Immunologia Universit\u00e0 di Zurigo<\/li>\n<li>Formazione continua Medicina interna e nefrologia all\u2019Ospedale Universitario di Zurigo<\/li>\n<li>Postdoc, Nefrologia rigenerativa, University of Southern California, Los Angeles, USA<\/li>\n<\/ul>\n<\/td>\n<\/tr>\n<tr>\n<td style=\"width: 23.5928%;\">Attivit\u00e0 attuali<\/td>\n<td style=\"width: 75.5689%;\">\n<ul>\n<li>Professore di Nefrologia, Universit\u00e0 di Basilea<br \/>Primario di Immunologia e Nefrologia dei Trapianti, Ospedale Universitario di Basilea<\/li>\n<li>Temi centrali di ricerca: trapianti, insufficienza renale acuta.<\/li>\n<\/ul>\n<\/td>\n<\/tr>\n<tr>\n<td style=\"width: 23.5928%;\">Attivit\u00e0 di volontariato<\/td>\n<td style=\"width: 75.5689%;\">\n<ul>\n<li>Comitato SSN &#8211; Presidente<\/li>\n<\/ul>\n<\/td>\n<\/tr>\n<tr>\n<td style=\"width: 23.5928%;\">Funzione\/rappresentanza nel Consiglio della Fondazione Svizzera del Rene (FSR)<\/td>\n<td style=\"width: 75.5689%;\">Membro del Consiglio di Fondazione<\/td>\n<\/tr>\n<tr>\n<td style=\"width: 23.5928%;\">Funzione nella Societ\u00e0 Svizzera di Nefrologia (SSN)<\/td>\n<td style=\"width: 75.5689%;\">Presidente SSN<\/td>\n<\/tr>\n<tr>\n<td style=\"width: 23.5928%;\">Citazione<\/td>\n<td style=\"width: 75.5689%;\"><em>&#8220;Una vita sana \u00e8 una collezione di momenti felici&#8221;<\/em><\/td>\n<\/tr>\n<\/tbody>\n<\/table>\n<\/div>\n<p>[\/et_pb_toggle][et_pb_toggle title=&#8221;Ulrich H\u00e4nsenberger&#8221; open_toggle_background_color=&#8221;RGBA(255,255,255,0)&#8221; closed_toggle_background_color=&#8221;RGBA(255,255,255,0)&#8221; icon_color=&#8221;#B61650&#8243; toggle_icon=&#8221;&#x4c;||divi||400&#8243; use_icon_font_size=&#8221;on&#8221; icon_font_size=&#8221;40px&#8221; open_icon_color=&#8221;#B61650&#8243; open_toggle_icon=&#8221;&#x4b;||divi||400&#8243; open_use_icon_font_size=&#8221;on&#8221; open_icon_font_size=&#8221;40px&#8221; admin_label=&#8221;H\u00e4nsenberger&#8221; _builder_version=&#8221;4.19.4&#8243; _module_preset=&#8221;default&#8221; title_font=&#8221;Rasa||||||||&#8221; title_font_size=&#8221;32px&#8221; background_image=&#8221;https:\/\/www.nierenstiftung.ch\/new\/wp-content\/uploads\/2024\/12\/hansenberger-150&#215;150.jpg&#8221; background_size=&#8221;initial&#8221; background_position=&#8221;top_left&#8221; custom_margin=&#8221;||||false|false&#8221; custom_padding=&#8221;|||170px|false|false&#8221; custom_padding_tablet=&#8221;|||170px|false|false&#8221; custom_padding_phone=&#8221;170px|||0px|false|false&#8221; custom_padding_last_edited=&#8221;on|phone&#8221; custom_css_before=&#8221;content:&#8217;Signore&#8217;;||font-size: 14px;||margin-bottom: 5px;||display: block;&#8221; custom_css_after=&#8221;content:&#8217;Berna&#8217;;||font-size: 14px;||margin-bottom: 5px;||display: block;&#8221; border_width_all=&#8221;0px&#8221; border_width_bottom=&#8221;1px&#8221; border_color_bottom=&#8221;#B61650&#8243; global_colors_info=&#8221;{}&#8221;]<\/p>\n<div style=\"overflow-x: auto;\">\n<table style=\"width: 100%;\" width=\"100%\">\n<tbody>\n<tr>\n<td style=\"width: 30.8982%;\">Nome<\/td>\n<td style=\"width: 68.2635%;\">Ulrich<\/td>\n<\/tr>\n<tr>\n<td style=\"width: 30.8982%;\">Cognome<\/td>\n<td style=\"width: 68.2635%;\">H\u00e4nsenberger<\/td>\n<\/tr>\n<tr>\n<td style=\"width: 30.8982%;\">Data di nascita<\/td>\n<td style=\"width: 68.2635%;\">1965<\/td>\n<\/tr>\n<tr>\n<td style=\"width: 30.8982%;\">Esperienze nel campo o principali attivit\u00e0<\/td>\n<td style=\"width: 68.2635%;\">Consiglio di fondazione SNS 2019-2022<\/td>\n<\/tr>\n<tr>\n<td style=\"width: 30.8982%;\">Attivit\u00e0 attuali<\/td>\n<td style=\"width: 68.2635%;\">Titolare di H\u00e4nsenberger GmbH, servizi legali e di consulenza<br \/>Presidente della sezione ACS di Berna<br \/>Consiglio di amministrazione Quantex AG Berna<br \/><span style=\"font-family: inherit; font-size: inherit;\">Amministratore delegato 22 Bikes GmbH Berna<\/span><\/td>\n<\/tr>\n<tr>\n<td style=\"width: 30.8982%;\">Attivit\u00e0 di volontariato<\/td>\n<td style=\"width: 68.2635%;\">per varie associazioni<\/td>\n<\/tr>\n<tr>\n<td style=\"width: 30.8982%;\">Funzione\/rappresentanza nel Consiglio della Fondazione Svizzera del Rene (FSR)<\/td>\n<td style=\"width: 68.2635%;\">Consulenza legale<\/td>\n<\/tr>\n<tr>\n<td style=\"width: 30.8982%;\">Funzione nella Societ\u00e0 Svizzera di Nefrologia (SSN)<\/td>\n<td style=\"width: 68.2635%;\">Non socio<\/td>\n<\/tr>\n<tr>\n<td style=\"width: 30.8982%;\">Citazione<\/td>\n<td style=\"width: 68.2635%;\"><em>&#8220;La salute \u00e8 un dono che non tutti ricevono&#8221;<\/em><\/td>\n<\/tr>\n<\/tbody>\n<\/table>\n<\/div>\n<p>[\/et_pb_toggle][et_pb_toggle title=&#8221;Dusan Harmacek&#8221; open_toggle_background_color=&#8221;RGBA(255,255,255,0)&#8221; closed_toggle_background_color=&#8221;RGBA(255,255,255,0)&#8221; icon_color=&#8221;#B61650&#8243; toggle_icon=&#8221;&#x4c;||divi||400&#8243; use_icon_font_size=&#8221;on&#8221; icon_font_size=&#8221;40px&#8221; open_icon_color=&#8221;#B61650&#8243; open_toggle_icon=&#8221;&#x4b;||divi||400&#8243; open_use_icon_font_size=&#8221;on&#8221; open_icon_font_size=&#8221;40px&#8221; admin_label=&#8221;Dusan Harmacek&#8221; _builder_version=&#8221;4.19.4&#8243; _module_preset=&#8221;default&#8221; title_font=&#8221;Rasa||||||||&#8221; title_font_size=&#8221;32px&#8221; background_image=&#8221;https:\/\/www.nierenstiftung.ch\/new\/wp-content\/uploads\/2024\/01\/dusan_harmacek150.jpg&#8221; background_size=&#8221;initial&#8221; background_position=&#8221;top_left&#8221; custom_margin=&#8221;||||false|false&#8221; custom_padding=&#8221;|||170px|false|false&#8221; custom_padding_tablet=&#8221;|||170px|false|false&#8221; custom_padding_phone=&#8221;170px|||0px|false|false&#8221; custom_padding_last_edited=&#8221;on|phone&#8221; custom_css_before=&#8221;content:&#8217;MUDr.&#8217;;||font-size: 14px;||margin-bottom: 5px;||display: block;&#8221; custom_css_after=&#8221;content:&#8217;Zurigo&#8217;;||font-size: 14px;||margin-bottom: 5px;||display: block;&#8221; border_width_all=&#8221;0px&#8221; border_width_bottom=&#8221;1px&#8221; border_color_bottom=&#8221;#B61650&#8243; global_colors_info=&#8221;{}&#8221;]<\/p>\n<div style=\"overflow-x: auto;\">\n<table style=\"width: 100%;\" width=\"100%\">\n<tbody>\n<tr>\n<td style=\"width: 38.1776%;\">Nome<\/td>\n<td style=\"width: 60.8997%;\">Dusan<\/td>\n<\/tr>\n<tr>\n<td style=\"width: 38.1776%;\">Cognome<\/td>\n<td style=\"width: 60.8997%;\">Harmacek<\/td>\n<\/tr>\n<tr>\n<td style=\"width: 38.1776%;\">Data di nascita<\/td>\n<td style=\"width: 60.8997%;\">1988<\/td>\n<\/tr>\n<tr>\n<td style=\"width: 38.1776%;\">Esperienze nel campo o principali attivit\u00e0<\/td>\n<td style=\"width: 60.8997%;\">Nefrologia<\/td>\n<\/tr>\n<tr>\n<td style=\"width: 38.1776%;\">Attivit\u00e0 attuali<\/td>\n<td style=\"width: 60.8997%;\">Medico Senior in Nefrologia, Ospedale Universitario di Zurigo<\/td>\n<\/tr>\n<tr>\n<td style=\"width: 38.1776%;\">Attivit\u00e0 di volontariato<\/td>\n<td style=\"width: 60.8997%;\">Membro del consiglio direttivo del Young Swiss Nephrology (YSN)<\/td>\n<\/tr>\n<tr>\n<td style=\"width: 38.1776%;\">Funzione\/rappresentanza nel Consiglio della Fondazione Svizzera del Rene (FSR)<\/td>\n<td style=\"width: 60.8997%;\">Rappresentanza della Young Swiss Nephrology (YSN) del SSN<\/td>\n<\/tr>\n<tr>\n<td style=\"width: 38.1776%;\">Funzione nella Societ\u00e0 Svizzera di Nefrologia (SSN)<\/td>\n<td style=\"width: 60.8997%;\">Membro SSN &#8211; YSN<\/td>\n<\/tr>\n<tr>\n<td style=\"width: 38.1776%;\">Citazione<\/td>\n<td style=\"width: 60.8997%;\"><em>&#8220;Vivi e lascia vivere&#8221;<\/em><\/td>\n<\/tr>\n<\/tbody>\n<\/table>\n<\/div>\n<p>[\/et_pb_toggle][et_pb_toggle title=&#8221;Sabine Herzig&#8221; open_toggle_background_color=&#8221;RGBA(255,255,255,0)&#8221; closed_toggle_background_color=&#8221;RGBA(255,255,255,0)&#8221; icon_color=&#8221;#B61650&#8243; toggle_icon=&#8221;&#x4c;||divi||400&#8243; use_icon_font_size=&#8221;on&#8221; icon_font_size=&#8221;40px&#8221; open_icon_color=&#8221;#B61650&#8243; open_toggle_icon=&#8221;&#x4b;||divi||400&#8243; open_use_icon_font_size=&#8221;on&#8221; open_icon_font_size=&#8221;40px&#8221; admin_label=&#8221;Sabine Herzig&#8221; _builder_version=&#8221;4.19.4&#8243; _module_preset=&#8221;default&#8221; title_font=&#8221;Rasa||||||||&#8221; title_font_size=&#8221;32px&#8221; background_image=&#8221;https:\/\/www.nierenstiftung.ch\/new\/wp-content\/uploads\/2023\/07\/sabine_2023-150&#215;150.jpg&#8221; background_size=&#8221;initial&#8221; background_position=&#8221;top_left&#8221; custom_margin=&#8221;||||false|false&#8221; custom_padding=&#8221;|||170px|false|false&#8221; custom_padding_tablet=&#8221;|||170px|false|false&#8221; custom_padding_phone=&#8221;170px|||0px|false|false&#8221; custom_padding_last_edited=&#8221;on|phone&#8221; custom_css_before=&#8221;content:&#8217;MScN, RN&#8217;;||font-size: 14px;||margin-bottom: 5px;||display: block;&#8221; custom_css_after=&#8221;content:&#8217;Berna&#8217;;||font-size: 14px;||margin-bottom: 5px;||display: block;&#8221; border_width_all=&#8221;0px&#8221; border_width_bottom=&#8221;1px&#8221; border_color_bottom=&#8221;#B61650&#8243; global_colors_info=&#8221;{}&#8221;]<\/p>\n<div style=\"overflow-x: auto;\">\n<table width=\"100%\">\n<tbody>\n<tr>\n<td>Nome<\/td>\n<td>Sabine<\/td>\n<\/tr>\n<tr>\n<td>Cognome<\/td>\n<td>Herzig<\/td>\n<\/tr>\n<tr>\n<td>Data di nascita<\/td>\n<td>1978<\/td>\n<\/tr>\n<tr>\n<td>Esperienze nel campo o principali attivit\u00e0<\/td>\n<td>Esperienza pluriennale di assistenza e consulenza a persone con malattie renali croniche in qualit\u00e0 di infermiera diplomata, attualmente in formazione specialistica in infermieristica<br \/><span style=\"font-family: inherit; font-size: inherit;\">Esperienza nel campo della formazione e dell&#8217;aggiornamento professionale del personale infermieristico, principalmente in materia di malattie croniche e insufficienza renale<\/span><\/td>\n<\/tr>\n<tr>\n<td>Attivit\u00e0 precedenti, se sostanziali<\/td>\n<td>Assistenza a soggetti nefropatici in qualit\u00e0 di infermiera diplomata nel reparto di nefrologia dell\u2019Inselspital di Berna<\/td>\n<\/tr>\n<tr>\n<td>Attivit\u00e0 attuali<\/td>\n<td>\u00a0<\/td>\n<\/tr>\n<tr>\n<td>Funzione\/rappresentanza nel Consiglio della Fondazione Svizzera del Rene (FSR)<\/td>\n<td>Rappresentanza Infermieristica<\/td>\n<\/tr>\n<tr>\n<td>Funzione nella Societ\u00e0 Svizzera di Nefrologia (SSN)<\/td>\n<td>Non membro<\/td>\n<\/tr>\n<tr>\n<td>Citazione<\/td>\n<td><em>&#8220;Saper gioire anche di piccoli traguardi aiuta a concentrarsi sulla positivit\u00e0&#8221;<\/em><\/td>\n<\/tr>\n<\/tbody>\n<\/table>\n<\/div>\n<p>[\/et_pb_toggle][et_pb_toggle title=&#8221;Thomas Hunziker&#8221; open_toggle_background_color=&#8221;RGBA(255,255,255,0)&#8221; closed_toggle_background_color=&#8221;RGBA(255,255,255,0)&#8221; icon_color=&#8221;#B61650&#8243; toggle_icon=&#8221;&#x4c;||divi||400&#8243; use_icon_font_size=&#8221;on&#8221; icon_font_size=&#8221;40px&#8221; open_icon_color=&#8221;#B61650&#8243; open_toggle_icon=&#8221;&#x4b;||divi||400&#8243; open_use_icon_font_size=&#8221;on&#8221; open_icon_font_size=&#8221;40px&#8221; admin_label=&#8221;Thomas Hunziker&#8221; _builder_version=&#8221;4.19.4&#8243; _module_preset=&#8221;default&#8221; title_font=&#8221;Rasa||||||||&#8221; title_font_size=&#8221;32px&#8221; background_image=&#8221;https:\/\/www.nierenstiftung.ch\/new\/wp-content\/uploads\/2023\/07\/thomas_2023-150&#215;150.jpg&#8221; background_size=&#8221;initial&#8221; background_position=&#8221;top_left&#8221; custom_margin=&#8221;||||false|false&#8221; custom_padding=&#8221;|||170px|false|false&#8221; custom_padding_tablet=&#8221;|||170px|false|false&#8221; custom_padding_phone=&#8221;170px|||0px|false|false&#8221; custom_padding_last_edited=&#8221;on|phone&#8221; custom_css_before=&#8221;content:&#8217;Signor&#8217;;||font-size: 14px;||margin-bottom: 5px;||display: block;&#8221; custom_css_after=&#8221;content:&#8217;Affoltern a. Albis&#8217;;||font-size: 14px;||margin-bottom: 5px;||display: block;&#8221; border_width_all=&#8221;0px&#8221; border_width_bottom=&#8221;1px&#8221; border_color_bottom=&#8221;#B61650&#8243; global_colors_info=&#8221;{}&#8221;]<\/p>\n<div style=\"overflow-x: auto;\">\n<table style=\"height: 360px; width: 100%;\" width=\"100%\">\n<tbody>\n<tr style=\"height: 23px;\">\n<td style=\"height: 23px; width: 31.8563%;\">Nome<\/td>\n<td style=\"height: 23px; width: 67.3054%;\">Thomas<\/td>\n<\/tr>\n<tr style=\"height: 23px;\">\n<td style=\"height: 23px; width: 31.8563%;\">Cognome<\/td>\n<td style=\"height: 23px; width: 67.3054%;\">Hunziker<\/td>\n<\/tr>\n<tr style=\"height: 23px;\">\n<td style=\"height: 23px; width: 31.8563%;\">Data di nascita<\/td>\n<td style=\"height: 23px; width: 67.3054%;\">1956<\/td>\n<\/tr>\n<tr style=\"height: 47px;\">\n<td style=\"height: 47px; width: 31.8563%;\">Esperienze nel campo o principali attivit\u00e0<\/td>\n<td style=\"height: 47px; width: 67.3054%;\">ADPKD, assistenza pazienti prima del trapianto, assistenza familiari<\/td>\n<\/tr>\n<tr style=\"height: 23px;\">\n<td style=\"height: 23px; width: 31.8563%;\">Attivit\u00e0 precedenti, se essenziali<\/td>\n<td style=\"height: 23px; width: 67.3054%;\">\u00a0<\/td>\n<\/tr>\n<tr style=\"height: 76px;\">\n<td style=\"height: 76px; width: 31.8563%;\">Attivit\u00e0 attuali<\/td>\n<td style=\"height: 76px; width: 67.3054%;\">\n<ul>\n<li>Presidenza <em>Associazione Svizzera<\/em> per <em>Pazienti<\/em> d&#8217;<em>Insufficienza Renale<\/em><\/li>\n<li>Membro del gruppo di qualit\u00e0 di nefrologia<\/li>\n<\/ul>\n<\/td>\n<\/tr>\n<tr style=\"height: 99px;\">\n<td style=\"height: 99px; width: 31.8563%;\">Attivit\u00e0 di volontariato<\/td>\n<td style=\"height: 99px; width: 67.3054%;\">\n<ul>\n<li>Vicepresidente Associazione obere Bahnhofstrasse Affoltern am Albis, attivit\u00e0 commerciali<\/li>\n<li>Cuoco al Kulturkeller LaMarotte<\/li>\n<\/ul>\n<\/td>\n<\/tr>\n<tr style=\"height: 23px;\">\n<td style=\"height: 23px; width: 31.8563%;\">Funzione\/rappresentanza nel Consiglio della Fondazione Svizzera del Rene (FSR)<\/td>\n<td style=\"height: 23px; width: 67.3054%;\">Rappresentanza Associazione dei pazienti renali (VNPS) insieme con Andrea Sch\u00e4fer<\/td>\n<\/tr>\n<tr>\n<td style=\"width: 31.8563%;\">Funzione nella Societ\u00e0 Svizzera di Nefrologia (SSN)<\/td>\n<td style=\"width: 67.3054%;\">Non membro<\/td>\n<\/tr>\n<tr style=\"height: 23px;\">\n<td style=\"height: 23px; width: 31.8563%;\">Citazione<\/td>\n<td style=\"height: 23px; width: 67.3054%;\"><em>&#8220;Vivo in modo sano e piacevole nel presente e ascolto bene il mio corpo&#8221;<\/em><\/td>\n<\/tr>\n<\/tbody>\n<\/table>\n<\/div>\n<p>[\/et_pb_toggle][et_pb_toggle title=&#8221;Salome Bolt&#8221; open_toggle_background_color=&#8221;RGBA(255,255,255,0)&#8221; closed_toggle_background_color=&#8221;RGBA(255,255,255,0)&#8221; icon_color=&#8221;#B61650&#8243; toggle_icon=&#8221;&#x4c;||divi||400&#8243; use_icon_font_size=&#8221;on&#8221; icon_font_size=&#8221;40px&#8221; open_icon_color=&#8221;#B61650&#8243; open_toggle_icon=&#8221;&#x4b;||divi||400&#8243; open_use_icon_font_size=&#8221;on&#8221; open_icon_font_size=&#8221;40px&#8221; admin_label=&#8221;Bolt Salome&#8221; _builder_version=&#8221;4.19.4&#8243; _module_preset=&#8221;default&#8221; title_font=&#8221;Rasa||||||||&#8221; title_font_size=&#8221;32px&#8221; background_image=&#8221;https:\/\/www.nierenstiftung.ch\/new\/wp-content\/uploads\/2024\/12\/LexSalome-150&#215;150.jpg&#8221; background_size=&#8221;initial&#8221; background_position=&#8221;top_left&#8221; custom_margin=&#8221;||||false|false&#8221; custom_padding=&#8221;|||170px|false|false&#8221; custom_padding_tablet=&#8221;|||170px|false|false&#8221; custom_padding_phone=&#8221;170px|||0px|false|false&#8221; custom_padding_last_edited=&#8221;on|phone&#8221; custom_css_before=&#8221;content:&#8217;Signora&#8217;;||font-size: 14px;||margin-bottom: 5px;||display: block;&#8221; custom_css_after=&#8221;content:&#8217;San Gallo&#8217;;||font-size: 14px;||margin-bottom: 5px;||display: block;&#8221; border_width_all=&#8221;0px&#8221; border_width_bottom=&#8221;1px&#8221; border_color_bottom=&#8221;#B61650&#8243; global_colors_info=&#8221;{}&#8221;]<\/p>\n<div style=\"overflow-x: auto;\">\n<table style=\"width: 100%;\" width=\"100%\">\n<tbody>\n<tr>\n<td style=\"width: 30.8982%;\">Nome<\/td>\n<td style=\"width: 68.2635%;\">Salome<\/td>\n<\/tr>\n<tr>\n<td style=\"width: 30.8982%;\">Cognome<\/td>\n<td style=\"width: 68.2635%;\">Bolt<\/td>\n<\/tr>\n<tr>\n<td style=\"width: 30.8982%;\">Data di nascita<\/td>\n<td style=\"width: 68.2635%;\">1993<\/td>\n<\/tr>\n<tr>\n<td style=\"width: 30.8982%;\">Esperienze nel campo o principali attivit\u00e0<\/td>\n<td style=\"width: 68.2635%;\">\n<p>Esperienza pluriennale nell&#8217;assistenza nutrizionale-terapeutica di pazienti con malattie renali in regime di ricovero e ambulatoriale.<\/p>\n<p>Membro del gruppo di specialisti in nefrologia della SVDE per la Svizzera tedesca.<\/p>\n<\/td>\n<\/tr>\n<tr>\n<td style=\"width: 30.8982%;\">Attivit\u00e0 attuali<\/td>\n<td style=\"width: 68.2635%;\">Responsabile della consulenza nutrizionale presso l&#8217;Ospedale Cantonale di San Gallo con responsabilit\u00e0 dell&#8217;area specialistica in nefrologia.<\/td>\n<\/tr>\n<tr>\n<td style=\"width: 30.8982%;\">Funzione\/rappresentanza nel Consiglio della Fondazione Svizzera del Rene (FSR)<\/td>\n<td style=\"width: 68.2635%;\">Rappresentante per la consulenza nutrizionale<\/td>\n<\/tr>\n<tr>\n<td style=\"width: 30.8982%;\">Funzione nella Societ\u00e0 Svizzera di Nefrologia (SSN)<\/td>\n<td style=\"width: 68.2635%;\">Non membro<\/td>\n<\/tr>\n<tr>\n<td style=\"width: 30.8982%;\">Citazione<\/td>\n<td style=\"width: 68.2635%;\"><em>&#8220;Non \u00e8 necessario essere grandi per iniziare. Ma bisogna iniziare per diventare grandi&#8221;<\/em><\/td>\n<\/tr>\n<\/tbody>\n<\/table>\n<\/div>\n<p>[\/et_pb_toggle][et_pb_toggle title=&#8221;Andrea Sch\u00e4fer&#8221; open_toggle_background_color=&#8221;RGBA(255,255,255,0)&#8221; closed_toggle_background_color=&#8221;RGBA(255,255,255,0)&#8221; icon_color=&#8221;#B61650&#8243; toggle_icon=&#8221;&#x4c;||divi||400&#8243; use_icon_font_size=&#8221;on&#8221; icon_font_size=&#8221;40px&#8221; open_icon_color=&#8221;#B61650&#8243; open_toggle_icon=&#8221;&#x4b;||divi||400&#8243; open_use_icon_font_size=&#8221;on&#8221; open_icon_font_size=&#8221;40px&#8221; admin_label=&#8221;Andrea Sch\u00e4fer&#8221; _builder_version=&#8221;4.19.4&#8243; _module_preset=&#8221;default&#8221; title_font=&#8221;Rasa||||||||&#8221; title_font_size=&#8221;32px&#8221; background_image=&#8221;https:\/\/www.nierenstiftung.ch\/new\/wp-content\/uploads\/2023\/07\/andrea_2023-150&#215;150.jpg&#8221; background_size=&#8221;initial&#8221; background_position=&#8221;top_left&#8221; custom_margin=&#8221;||||false|false&#8221; custom_padding=&#8221;|||170px|false|false&#8221; custom_padding_tablet=&#8221;|||170px|false|false&#8221; custom_padding_phone=&#8221;170px|||0px|false|false&#8221; custom_padding_last_edited=&#8221;on|phone&#8221; custom_css_before=&#8221;content:&#8217;Signora&#8217;;||font-size: 14px;||margin-bottom: 5px;||display: block;&#8221; custom_css_after=&#8221;content:&#8217;Praz&#8217;;||font-size: 14px;||margin-bottom: 5px;||display: block;&#8221; border_width_all=&#8221;0px&#8221; border_width_bottom=&#8221;1px&#8221; border_color_bottom=&#8221;#B61650&#8243; global_colors_info=&#8221;{}&#8221;]<\/p>\n<div style=\"overflow-x: auto;\">\n<table width=\"100%\">\n<tbody>\n<tr>\n<td>Nome<\/td>\n<td>Andrea<\/td>\n<\/tr>\n<tr>\n<td>Cognome<\/td>\n<td>Sch\u00e4fer Affentranger<\/td>\n<\/tr>\n<tr>\n<td>Data di nascita<\/td>\n<td>1961<\/td>\n<\/tr>\n<tr>\n<td>Esperienze nel campo o principali attivit\u00e0<\/td>\n<td>Assistenza di pazienti nefrologici per questioni riguardanti la vita con la dialisi o con un trapianto. Informazioni e organizzazione di incontri d\u2019informazione per pazienti nefrologici. Organizzazione di attivit\u00e0 per la promozione della donazione di organi.<\/td>\n<\/tr>\n<tr>\n<td>Attivit\u00e0 precedenti, se essenziali<\/td>\n<td>Cofondatore e presidente dell&#8217;associazione sportiva trapiantati Svizzera<\/td>\n<\/tr>\n<tr>\n<td>Attivit\u00e0 attuali<\/td>\n<td>&#8211; Membro del gruppo di qualit\u00e0 di nefrologia<br \/>&#8211; Membro del Registro svizzero delle biopsie renali<\/td>\n<\/tr>\n<tr>\n<td>Attivit\u00e0 di volontariato<\/td>\n<td>Presidente ASPIR<\/td>\n<\/tr>\n<tr>\n<td>Funzione\/rappresentanza nel Consiglio della Fondazione Svizzera del Rene (FSR)<\/td>\n<td>Rappresentanza Associazione dei pazienti renali (VNPS) insieme con Thomas Hunziker<\/td>\n<\/tr>\n<tr>\n<td>Funzione nella Societ\u00e0 Svizzera di Nefrologia (SSN)<\/td>\n<td>Non membro<\/td>\n<\/tr>\n<tr>\n<td>Citazione<\/td>\n<td><em>&#8220;Date a un uomo un cane e la sua anima sar\u00e0 guarita&#8221;<\/em><\/td>\n<\/tr>\n<\/tbody>\n<\/table>\n<\/div>\n<p>[\/et_pb_toggle][et_pb_toggle title=&#8221;Seraina von Moos&#8221; open_toggle_background_color=&#8221;RGBA(255,255,255,0)&#8221; closed_toggle_background_color=&#8221;RGBA(255,255,255,0)&#8221; icon_color=&#8221;#B61650&#8243; toggle_icon=&#8221;&#x4c;||divi||400&#8243; use_icon_font_size=&#8221;on&#8221; icon_font_size=&#8221;40px&#8221; open_icon_color=&#8221;#B61650&#8243; open_toggle_icon=&#8221;&#x4b;||divi||400&#8243; open_use_icon_font_size=&#8221;on&#8221; open_icon_font_size=&#8221;40px&#8221; admin_label=&#8221;Seraina von Moos&#8221; _builder_version=&#8221;4.19.4&#8243; _module_preset=&#8221;default&#8221; title_font=&#8221;Rasa||||||||&#8221; title_font_size=&#8221;32px&#8221; background_image=&#8221;https:\/\/www.nierenstiftung.ch\/new\/wp-content\/uploads\/2023\/07\/seraina_2023-150&#215;150.jpg&#8221; background_size=&#8221;initial&#8221; background_position=&#8221;top_left&#8221; custom_margin=&#8221;||||false|false&#8221; custom_padding=&#8221;|||170px|false|false&#8221; custom_padding_tablet=&#8221;|||170px|false|false&#8221; custom_padding_phone=&#8221;170px|||0px|false|false&#8221; custom_padding_last_edited=&#8221;on|phone&#8221; custom_css_before=&#8221;content:&#8217;PD Dr. med.&#8217;;||font-size: 14px;||margin-bottom: 5px;||display: block;&#8221; custom_css_after=&#8221;content:&#8217;Lucerna&#8217;;||font-size: 14px;||margin-bottom: 5px;||display: block;&#8221; border_width_all=&#8221;0px&#8221; border_width_bottom=&#8221;1px&#8221; border_color_bottom=&#8221;#B61650&#8243; global_colors_info=&#8221;{}&#8221;]<\/p>\n<div style=\"overflow-x: auto;\">\n<table style=\"width: 100%;\" width=\"100%\">\n<tbody>\n<tr>\n<td style=\"width: 34.9701%;\">Nome<\/td>\n<td style=\"width: 64.0719%;\">Seraina<\/td>\n<\/tr>\n<tr>\n<td style=\"width: 34.9701%;\">Cognome<\/td>\n<td style=\"width: 64.0719%;\">von Moos<\/td>\n<\/tr>\n<tr>\n<td style=\"width: 34.9701%;\">Data di nascita<\/td>\n<td style=\"width: 64.0719%;\">1981<\/td>\n<\/tr>\n<tr>\n<td style=\"width: 34.9701%;\">Esperienze nel campo o principali attivit\u00e0<\/td>\n<td style=\"width: 64.0719%;\">Nefrologia con particolare attenzione alla cura post-trapianto<\/td>\n<\/tr>\n<tr>\n<td style=\"width: 34.9701%;\">Attivit\u00e0 precedenti, se sostanziali<\/td>\n<td style=\"width: 64.0719%;\">Studi di medicina e Master in Biologia\/Immunologia Universit\u00e0 di Zurigo<br \/>Formazione avanzata in medicina interna e nefrologia<br \/>Medico senior, Ospedale Universitario di Zurigo<br \/><span style=\"font-family: inherit; font-size: inherit;\">Presidente e cofondatore della Giovane Nefrologia Svizzera<\/span><\/td>\n<\/tr>\n<tr>\n<td style=\"width: 34.9701%;\">Attivit\u00e0 attuali<\/td>\n<td style=\"width: 64.0719%;\">Primario dell&#8217;Ospedale Cantonale di Lucerna<\/td>\n<\/tr>\n<tr>\n<td style=\"width: 34.9701%;\">Funzione\/rappresentanza nel Consiglio della Fondazione Svizzera del Rene (FSR)<\/td>\n<td style=\"width: 64.0719%;\">Rappresentanza Svizzera tedesca<\/td>\n<\/tr>\n<tr>\n<td style=\"width: 34.9701%;\">Funzione nella Societ\u00e0 Svizzera di Nefrologia (SSN)<\/td>\n<td style=\"width: 64.0719%;\">\n<p>Membro SSN<\/p>\n<\/td>\n<\/tr>\n<tr>\n<td style=\"width: 34.9701%;\">Citazione<\/td>\n<td style=\"width: 64.0719%;\"><em>&#8220;La fiducia e la serenit\u00e0 sono importanti per la nostra salute mentale e fisica.&#8221;<\/em><\/td>\n<\/tr>\n<\/tbody>\n<\/table>\n<\/div>\n<p>[\/et_pb_toggle][\/et_pb_column][\/et_pb_row][\/et_pb_section][et_pb_section fb_built=&#8221;1&#8243; _builder_version=&#8221;4.19.4&#8243; _module_preset=&#8221;default&#8221; background_enable_image=&#8221;off&#8221; background_size=&#8221;custom&#8221; background_image_height=&#8221;141%&#8221; background_position=&#8221;top_left&#8221; custom_padding=&#8221;2px||2px|||&#8221; global_colors_info=&#8221;{}&#8221;][et_pb_row _builder_version=&#8221;4.19.4&#8243; _module_preset=&#8221;default&#8221; custom_margin=&#8221;|auto|35px|auto|false|false&#8221; custom_padding=&#8221;||1px|||&#8221; global_colors_info=&#8221;{}&#8221;][et_pb_column type=&#8221;4_4&#8243; _builder_version=&#8221;4.19.4&#8243; _module_preset=&#8221;default&#8221; global_colors_info=&#8221;{}&#8221;][et_pb_text admin_label=&#8221;Ehemalige Stiftungsratsmitglieder&#8221; _builder_version=&#8221;4.19.4&#8243; _module_preset=&#8221;default&#8221; text_text_color=&#8221;#EE7203&#8243; text_font_size=&#8221;41px&#8221; text_line_height=&#8221;1.2em&#8221; global_colors_info=&#8221;{}&#8221;]<\/p>\n<p>Ex membri del Consiglio di Fondazione<\/p>\n<p>[\/et_pb_text][\/et_pb_column][\/et_pb_row][et_pb_row column_structure=&#8221;1_2,1_2&#8243; _builder_version=&#8221;4.19.4&#8243; _module_preset=&#8221;default&#8221; background_enable_image=&#8221;off&#8221; custom_padding=&#8221;31px|||||&#8221; global_colors_info=&#8221;{}&#8221;][et_pb_column type=&#8221;1_2&#8243; _builder_version=&#8221;4.19.4&#8243; _module_preset=&#8221;default&#8221; background_enable_image=&#8221;off&#8221; background_position=&#8221;top_left&#8221; global_colors_info=&#8221;{}&#8221;][et_pb_text admin_label=&#8221;Alfred B\u00e4r, Oberwil BL Professor Andreas Bock, Aarau&#8230;&#8221; _builder_version=&#8221;4.19.4&#8243; _module_preset=&#8221;default&#8221; text_font_size=&#8221;17px&#8221; custom_margin=&#8221;||||false|false&#8221; global_colors_info=&#8221;{}&#8221;]<\/p>\n<p style=\"text-align: justify;\">Alfred B\u00e4r, Oberwil BL<br \/>Dr. Isabelle Binet, St. Gallen<br \/>Professor Andreas Bock, Aarau<br \/>Professor Michel Burnier, Lausanne<br \/>Ursula Dietrich, Bern<br \/>Walter Geiser, Dornach<br \/>Professor Jean-Pierre Guignard, Lausanne<\/p>\n<p>[\/et_pb_text][\/et_pb_column][et_pb_column type=&#8221;1_2&#8243; _builder_version=&#8221;4.19.4&#8243; _module_preset=&#8221;default&#8221; background_color=&#8221;RGBA(255,255,255,0)&#8221; background_enable_image=&#8221;off&#8221; global_colors_info=&#8221;{}&#8221;][et_pb_text admin_label=&#8221;Ulrich H\u00e4nsenberger, Bern Professor Heini Murer, Beckenried&#8230;&#8221; _builder_version=&#8221;4.19.4&#8243; _module_preset=&#8221;default&#8221; text_font_size=&#8221;17px&#8221; custom_margin=&#8221;||||false|false&#8221; global_colors_info=&#8221;{}&#8221;]<\/p>\n<p style=\"text-align: justify;\">Pandora Kunz Notter, Bern<br \/>Professor Pierre-Yves Martin, Genf<br \/>Professor Heini Murer, Beckenried<br \/>Professor Bernard Rossier, Lausanne<br \/>Dr. Carlo Sch\u00f6nholzer, Breganzona<br \/>Professor J\u00fcrg Steiger, Basel<br \/>Lilian Weisbrod, Bern<\/p>\n<p>[\/et_pb_text][\/et_pb_column][\/et_pb_row][\/et_pb_section][et_pb_section fb_built=&#8221;1&#8243; _builder_version=&#8221;4.19.4&#8243; _module_preset=&#8221;default&#8221; background_color=&#8221;#EE7203&#8243; custom_padding=&#8221;18px||2px|||&#8221; global_colors_info=&#8221;{}&#8221;][et_pb_row _builder_version=&#8221;4.19.4&#8243; _module_preset=&#8221;default&#8221; custom_margin=&#8221;-13px|auto||auto||&#8221; global_colors_info=&#8221;{}&#8221;][et_pb_column type=&#8221;4_4&#8243; _builder_version=&#8221;4.19.4&#8243; _module_preset=&#8221;default&#8221; global_colors_info=&#8221;{}&#8221;][et_pb_text admin_label=&#8221;\u00abIch lebe gesund und genussvoll in der Gegenwart und h\u00f6re auf meinen K\u00f6rper\u00bb&#8221; _builder_version=&#8221;4.19.4&#8243; _module_preset=&#8221;default&#8221; text_font=&#8221;Rasa||||||||&#8221; text_text_color=&#8221;#FFFFFF&#8221; text_font_size=&#8221;46px&#8221; text_line_height=&#8221;1em&#8221; text_orientation=&#8221;center&#8221; global_colors_info=&#8221;{}&#8221;]<\/p>\n<p>\u00ab<span>Vivo in modo sano e piacevole nel presente <br \/>e ascolto bene il mio corpo<\/span>\u00bb<\/p>\n<p>[\/et_pb_text][et_pb_text admin_label=&#8221;Thomas Hunziker, Mitglied Stiftungsrat&#8221; _builder_version=&#8221;4.19.4&#8243; _module_preset=&#8221;default&#8221; text_text_color=&#8221;#FFFFFF&#8221; text_orientation=&#8221;center&#8221; global_colors_info=&#8221;{}&#8221;]<\/p>\n<p>Thomas Hunziker, Membro del consiglio di fondazione<\/p>\n<p>[\/et_pb_text][\/et_pb_column][\/et_pb_row][\/et_pb_section][et_pb_section fb_built=&#8221;1&#8243; _builder_version=&#8221;4.19.4&#8243; _module_preset=&#8221;default&#8221; custom_padding=&#8221;4px||24px|||&#8221; global_module=&#8221;541&#8243; global_colors_info=&#8221;{}&#8221;][et_pb_row column_structure=&#8221;3_4,1_4&#8243; _builder_version=&#8221;4.19.4&#8243; _module_preset=&#8221;default&#8221; global_colors_info=&#8221;{}&#8221;][et_pb_column type=&#8221;3_4&#8243; _builder_version=&#8221;4.19.4&#8243; _module_preset=&#8221;default&#8221; global_colors_info=&#8221;{}&#8221;][et_pb_code _builder_version=&#8221;4.19.4&#8243; _module_preset=&#8221;default&#8221; global_colors_info=&#8221;{}&#8221;]<\/p>\n<div style=\"font-size:19px;padding-top:35px;text-align:right;\" id=\"vnps\"><\/div>\n<p><!-- [et_pb_line_break_holder] --><script><!-- [et_pb_line_break_holder] -->var lang = document.getElementsByTagName(\"html\")[0].getAttribute(\"lang\").substr(3);<!-- [et_pb_line_break_holder] --><!-- [et_pb_line_break_holder] -->switch(lang) {<!-- [et_pb_line_break_holder] -->  case \"DE\":<!-- [et_pb_line_break_holder] -->  document.getElementById(\"vnps\").innerHTML = \"Gemeinsam unterwegs mit dem Verband Nierenpatienten Schweiz (VNPS)\";      <!-- [et_pb_line_break_holder] --><!-- [et_pb_line_break_holder] -->    break;<!-- [et_pb_line_break_holder] -->  case \"IT\":<!-- [et_pb_line_break_holder] -->  document.getElementById(\"vnps\").innerHTML = \"Sulla strada insieme con l\u2019Associazione svizzera per pazienti d\u2019insufficienza renale (ASPIR)\";<!-- [et_pb_line_break_holder] --><!-- [et_pb_line_break_holder] -->    break;<!-- [et_pb_line_break_holder] -->  case \"GB\":<!-- [et_pb_line_break_holder] -->document.getElementById(\"vnps\").innerHTML = \"Together on the road with the Swiss Kidney Patients Association (SKPA)\";<!-- [et_pb_line_break_holder] --><!-- [et_pb_line_break_holder] -->    break;<!-- [et_pb_line_break_holder] -->\tcase \"FR\":<!-- [et_pb_line_break_holder] -->  document.getElementById(\"vnps\").innerHTML = \"En route ensemble avec la Soci\u00e9t\u00e9 suisse des patients insuffisants r\u00e9naux (SSPIR)\";<!-- [et_pb_line_break_holder] --><!-- [et_pb_line_break_holder] -->    break;<!-- [et_pb_line_break_holder] -->  default:<!-- [et_pb_line_break_holder] --><!-- [et_pb_line_break_holder] -->\tdocument.getElementById(\"vnps\").innerHTML = \"Gemeinsam unterwegs mit dem Verband Nierenpatienten Schweiz (VNPS)\";<!-- [et_pb_line_break_holder] --><!-- [et_pb_line_break_holder] -->}<!-- [et_pb_line_break_holder] --> <!-- [et_pb_line_break_holder] --><\/script>[\/et_pb_code][\/et_pb_column][et_pb_column type=&#8221;1_4&#8243; _builder_version=&#8221;4.19.4&#8243; _module_preset=&#8221;default&#8221; global_colors_info=&#8221;{}&#8221;][et_pb_image src=&#8221;https:\/\/www.nierenstiftung.ch\/new\/wp-content\/uploads\/2022\/12\/Logo_VNPS_klein2.jpg&#8221; title_text=&#8221;Logo_VNPS_klein2&#8243; url=&#8221;https:\/\/nierenpatienten.ch\/&#8221; url_new_window=&#8221;on&#8221; _builder_version=&#8221;4.19.4&#8243; _module_preset=&#8221;default&#8221; max_height=&#8221;80px&#8221; global_colors_info=&#8221;{}&#8221;][\/et_pb_image][\/et_pb_column][\/et_pb_row][\/et_pb_section]<\/p>\n","protected":false},"excerpt":{"rendered":"<p>Il Consiglio di FondazioneL&#8217;attuale Consiglio di Fondazione \u00e8 composto da 10 membri provenienti dal settore sanitario e da un membro legale con funzioni consultive in materia giuridica. Insieme contribuiscono con grande esperienza e competenza a sostenere la Fondazione svizzera del rene nel suo impegno a favore della salute.Consiglio di fondazione Titolo Prof. Dr med Dr [&hellip;]<\/p>\n","protected":false},"author":1,"featured_media":0,"parent":0,"menu_order":0,"comment_status":"closed","ping_status":"closed","template":"","meta":{"_et_pb_use_builder":"on","_et_pb_old_content":"","_et_gb_content_width":"","footnotes":"","_links_to":"","_links_to_target":""},"class_list":["post-1075","page","type-page","status-publish","hentry"],"_links":{"self":[{"href":"https:\/\/www.nierenstiftung.ch\/new\/wp-json\/wp\/v2\/pages\/1075","targetHints":{"allow":["GET"]}}],"collection":[{"href":"https:\/\/www.nierenstiftung.ch\/new\/wp-json\/wp\/v2\/pages"}],"about":[{"href":"https:\/\/www.nierenstiftung.ch\/new\/wp-json\/wp\/v2\/types\/page"}],"author":[{"embeddable":true,"href":"https:\/\/www.nierenstiftung.ch\/new\/wp-json\/wp\/v2\/users\/1"}],"replies":[{"embeddable":true,"href":"https:\/\/www.nierenstiftung.ch\/new\/wp-json\/wp\/v2\/comments?post=1075"}],"version-history":[{"count":3,"href":"https:\/\/www.nierenstiftung.ch\/new\/wp-json\/wp\/v2\/pages\/1075\/revisions"}],"predecessor-version":[{"id":5142,"href":"https:\/\/www.nierenstiftung.ch\/new\/wp-json\/wp\/v2\/pages\/1075\/revisions\/5142"}],"wp:attachment":[{"href":"https:\/\/www.nierenstiftung.ch\/new\/wp-json\/wp\/v2\/media?parent=1075"}],"curies":[{"name":"wp","href":"https:\/\/api.w.org\/{rel}","templated":true}]}}